{"id":1961,"date":"2025-02-09T19:10:04","date_gmt":"2025-02-09T19:10:04","guid":{"rendered":"https:\/\/newsarovia.com\/?page_id=1961"},"modified":"2025-04-10T18:58:45","modified_gmt":"2025-04-10T18:58:45","slug":"ministry-of-defence","status":"publish","type":"page","link":"https:\/\/newsarovia.com\/pt\/ministry-of-defence\/","title":{"rendered":"Ministe eui Defenasaca"},"content":{"rendered":"\n<div class=\"wp-block-columns is-layout-flex wp-container-core-columns-is-layout-28f84493 wp-block-columns-is-layout-flex\">\n<div class=\"wp-block-column is-layout-flow wp-block-column-is-layout-flow\" style=\"flex-basis:33.33%\">\n<figure class=\"wp-block-image size-large is-style-default\"><img loading=\"lazy\" decoding=\"async\" width=\"1024\" height=\"1024\" src=\"https:\/\/newsarovia.com\/wp-content\/uploads\/2025\/02\/Albaros-PM-1024x1024.png\" alt=\"\" class=\"wp-image-1962\" srcset=\"https:\/\/newsarovia.com\/wp-content\/uploads\/2025\/02\/Albaros-PM-1024x1024.png 1024w, https:\/\/newsarovia.com\/wp-content\/uploads\/2025\/02\/Albaros-PM-300x300.png 300w, https:\/\/newsarovia.com\/wp-content\/uploads\/2025\/02\/Albaros-PM-150x150.png 150w, https:\/\/newsarovia.com\/wp-content\/uploads\/2025\/02\/Albaros-PM-768x767.png 768w, https:\/\/newsarovia.com\/wp-content\/uploads\/2025\/02\/Albaros-PM-1536x1536.png 1536w, https:\/\/newsarovia.com\/wp-content\/uploads\/2025\/02\/Albaros-PM.png 2048w\" sizes=\"auto, (max-width: 1024px) 100vw, 1024px\" \/><\/figure>\n<\/div>\n\n\n\n<div class=\"wp-block-column is-layout-flow wp-block-column-is-layout-flow\" style=\"flex-basis:66.66%\">\n<h2 class=\"wp-block-heading has-primary-color has-text-color has-link-color wp-elements-00b7b459c2a5ed26dba6171d7d0ffbec\" style=\"font-size:clamp(15.747px, 0.984rem + ((1vw - 3.2px) * 0.938), 24px);\">PREF\u00c1CIO MINISTERIAL<\/h2>\n\n\n\n<p class=\"has-superbfont-small-font-size\">Como <em>Ministoro eui Defenasaca<\/em>, trabalho arduamente todos os dias para garantir que a espinha dorsal de nossa sociedade &#8211; as For\u00e7as Armadas Imperiais Sarovianas &#8211; permane\u00e7a forte, ativa e inabal\u00e1vel. Em nosso mundo em r\u00e1pida evolu\u00e7\u00e3o, precisamos de uma for\u00e7a de combate eficaz e bem treinada para proteger os interesses, a sociedade e a democracia sarovianos daqueles que desejam nos insultar e prejudicar. Desde que iniciei meu mandato, organizei v\u00e1rias reformas que buscaram com sucesso a reforma, a reeduca\u00e7\u00e3o e a reativa\u00e7\u00e3o de nossas institui\u00e7\u00f5es mais orgulhosas, bem como busquei proteger o orgulho saroviano nos mares por meio de opera\u00e7\u00f5es militares. Al\u00e9m disso, busquei a revitaliza\u00e7\u00e3o da cultura marcial, incluindo o comissionamento de feriados novos e reformados, eventos, institui\u00e7\u00f5es de veteranos, honras e condecora\u00e7\u00f5es, bem como arte, est\u00e1tuas e monumentos aos nossos bravos her\u00f3is Sarovianos. Busco continuar a desenvolver e aprimorar a atividade de nossos irm\u00e3os e irm\u00e3s de uniforme, bem como fortalecer os la\u00e7os estreitos com nossos membros ativos e aposentados de uniforme.<\/p>\n<\/div>\n<\/div>\n\n\n\n<hr class=\"wp-block-separator has-alpha-channel-opacity is-style-wide\"\/>\n\n\n\n<div style=\"height:18px\" aria-hidden=\"true\" class=\"wp-block-spacer\"><\/div>\n\n\n\n<div class=\"wp-block-columns is-layout-flex wp-container-core-columns-is-layout-28f84493 wp-block-columns-is-layout-flex\">\n<div class=\"wp-block-column is-layout-flow wp-block-column-is-layout-flow\">\n<div class=\"wp-block-cover\" style=\"min-height:276px;aspect-ratio:unset;\"><span aria-hidden=\"true\" class=\"wp-block-cover__background has-background-dim-90 has-background-dim\" style=\"background-color:#982a2a\"><\/span><img loading=\"lazy\" decoding=\"async\" width=\"1242\" height=\"1422\" class=\"wp-block-cover__image-background wp-image-1974\" alt=\"\" src=\"https:\/\/newsarovia.com\/wp-content\/uploads\/2025\/02\/Defence2.png\" data-object-fit=\"cover\" srcset=\"https:\/\/newsarovia.com\/wp-content\/uploads\/2025\/02\/Defence2.png 1242w, https:\/\/newsarovia.com\/wp-content\/uploads\/2025\/02\/Defence2-262x300.png 262w, https:\/\/newsarovia.com\/wp-content\/uploads\/2025\/02\/Defence2-894x1024.png 894w, https:\/\/newsarovia.com\/wp-content\/uploads\/2025\/02\/Defence2-768x879.png 768w\" sizes=\"auto, (max-width: 1242px) 100vw, 1242px\" \/><div class=\"wp-block-cover__inner-container is-layout-flow wp-block-cover-is-layout-flow\">\n<p class=\"has-text-align-center has-contrast-light-color has-text-color has-link-color wp-elements-b22851e5fe520f50d995363a49c72300\" style=\"font-size:clamp(16.293px, 1.018rem + ((1vw - 3.2px) * 0.989), 25px);\"><strong><a href=\"https:\/\/newsarovia.com\/pt\/employment-in-the-isaf\/\">Emprego nas For\u00e7as Armadas<\/a><\/strong><\/p>\n<\/div><\/div>\n<\/div>\n\n\n\n<div class=\"wp-block-column is-layout-flow wp-block-column-is-layout-flow\">\n<div class=\"wp-block-cover\" style=\"min-height:276px;aspect-ratio:unset;\"><span aria-hidden=\"true\" class=\"wp-block-cover__background has-background-dim-90 has-background-dim\" style=\"background-color:#982a2a\"><\/span><img loading=\"lazy\" decoding=\"async\" width=\"1242\" height=\"1422\" class=\"wp-block-cover__image-background wp-image-1974\" alt=\"\" src=\"https:\/\/newsarovia.com\/wp-content\/uploads\/2025\/02\/Defence2.png\" data-object-fit=\"cover\" srcset=\"https:\/\/newsarovia.com\/wp-content\/uploads\/2025\/02\/Defence2.png 1242w, https:\/\/newsarovia.com\/wp-content\/uploads\/2025\/02\/Defence2-262x300.png 262w, https:\/\/newsarovia.com\/wp-content\/uploads\/2025\/02\/Defence2-894x1024.png 894w, https:\/\/newsarovia.com\/wp-content\/uploads\/2025\/02\/Defence2-768x879.png 768w\" sizes=\"auto, (max-width: 1242px) 100vw, 1242px\" \/><div class=\"wp-block-cover__inner-container is-layout-flow wp-block-cover-is-layout-flow\">\n<p class=\"has-text-align-center has-contrast-light-color has-text-color has-link-color wp-elements-4d47c11822070aa24d8db06ef5fba3c4\" style=\"font-size:clamp(16.293px, 1.018rem + ((1vw - 3.2px) * 0.989), 25px);\"><strong><a href=\"https:\/\/newsarovia.com\/pt\/our-forces-across-the-empire\/\">Nossas For\u00e7as por todo o Imp\u00e9rio<\/a><\/strong><\/p>\n<\/div><\/div>\n<\/div>\n\n\n\n<div class=\"wp-block-column is-layout-flow wp-block-column-is-layout-flow\">\n<div class=\"wp-block-cover\" style=\"min-height:276px;aspect-ratio:unset;\"><span aria-hidden=\"true\" class=\"wp-block-cover__background has-background-dim-90 has-background-dim\" style=\"background-color:#982a2a\"><\/span><img loading=\"lazy\" decoding=\"async\" width=\"1242\" height=\"1422\" class=\"wp-block-cover__image-background wp-image-1974\" alt=\"\" src=\"https:\/\/newsarovia.com\/wp-content\/uploads\/2025\/02\/Defence2.png\" data-object-fit=\"cover\" srcset=\"https:\/\/newsarovia.com\/wp-content\/uploads\/2025\/02\/Defence2.png 1242w, https:\/\/newsarovia.com\/wp-content\/uploads\/2025\/02\/Defence2-262x300.png 262w, https:\/\/newsarovia.com\/wp-content\/uploads\/2025\/02\/Defence2-894x1024.png 894w, https:\/\/newsarovia.com\/wp-content\/uploads\/2025\/02\/Defence2-768x879.png 768w\" sizes=\"auto, (max-width: 1242px) 100vw, 1242px\" \/><div class=\"wp-block-cover__inner-container is-layout-flow wp-block-cover-is-layout-flow\">\n<p class=\"has-text-align-center has-contrast-light-color has-text-color has-link-color wp-elements-fd24a74e77caaf2f2b587cb0587407a2\" style=\"font-size:clamp(16.293px, 1.018rem + ((1vw - 3.2px) * 0.989), 25px);\"><strong><strong><strong><a href=\"https:\/\/newsarovia.com\/pt\/defence-staff\/\">Estado-Maior Imperial de Defesa<\/a><\/strong><\/strong><\/strong><\/p>\n<\/div><\/div>\n<\/div>\n\n\n\n<div class=\"wp-block-column is-layout-flow wp-block-column-is-layout-flow\">\n<div class=\"wp-block-cover\" style=\"min-height:276px;aspect-ratio:unset;\"><span aria-hidden=\"true\" class=\"wp-block-cover__background has-background-dim-90 has-background-dim\" style=\"background-color:#982a2a\"><\/span><img loading=\"lazy\" decoding=\"async\" width=\"1242\" height=\"1422\" class=\"wp-block-cover__image-background wp-image-1974\" alt=\"\" src=\"https:\/\/newsarovia.com\/wp-content\/uploads\/2025\/02\/Defence2.png\" data-object-fit=\"cover\" srcset=\"https:\/\/newsarovia.com\/wp-content\/uploads\/2025\/02\/Defence2.png 1242w, https:\/\/newsarovia.com\/wp-content\/uploads\/2025\/02\/Defence2-262x300.png 262w, https:\/\/newsarovia.com\/wp-content\/uploads\/2025\/02\/Defence2-894x1024.png 894w, https:\/\/newsarovia.com\/wp-content\/uploads\/2025\/02\/Defence2-768x879.png 768w\" sizes=\"auto, (max-width: 1242px) 100vw, 1242px\" \/><div class=\"wp-block-cover__inner-container is-layout-flow wp-block-cover-is-layout-flow\">\n<p class=\"has-text-align-center has-contrast-light-color has-text-color has-link-color wp-elements-c5cebfcd7d3ba5bd8a79158acd20f772\" style=\"font-size:clamp(16.293px, 1.018rem + ((1vw - 3.2px) * 0.989), 25px);\"><strong><a href=\"https:\/\/newsarovia.com\/pt\/public-military-records-portal\/\">Acervo P\u00fablico de Recordes Militares<\/a><\/strong><\/p>\n<\/div><\/div>\n<\/div>\n<\/div>\n\n\n\n<p><\/p>\n","protected":false},"excerpt":{"rendered":"<p>PREF\u00c1CIO MINISTERIAL Como Ministoro eui Defenasaca, trabalho arduamente todos os dias para garantir que a espinha dorsal de nossa sociedade &#8211; as For\u00e7as Armadas Imperiais Sarovianas &#8211; permane\u00e7a forte, ativa e inabal\u00e1vel. Em nosso mundo em r\u00e1pida evolu\u00e7\u00e3o, precisamos de uma for\u00e7a de combate eficaz e bem treinada para proteger os interesses, a sociedade e [&hellip;]<\/p>\n","protected":false},"author":2,"featured_media":0,"parent":0,"menu_order":0,"comment_status":"closed","ping_status":"closed","template":"","meta":{"footnotes":""},"class_list":["post-1961","page","type-page","status-publish","hentry"],"yoast_head":"<!-- This site is optimized with the Yoast SEO plugin v27.5 - https:\/\/yoast.com\/product\/yoast-seo-wordpress\/ -->\n<title>Ministe eui Defenasaca - SMI Gouverna<\/title>\n<meta name=\"robots\" content=\"index, follow, max-snippet:-1, max-image-preview:large, max-video-preview:-1\" \/>\n<link rel=\"canonical\" href=\"https:\/\/newsarovia.com\/pt\/ministry-of-defence\/\" \/>\n<meta property=\"og:locale\" content=\"pt_BR\" \/>\n<meta property=\"og:locale:alternate\" content=\"en_US\" \/>\n<meta property=\"og:type\" content=\"article\" \/>\n<meta property=\"og:title\" content=\"Ministe eui Defenasaca\" \/>\n<meta property=\"og:description\" content=\"PREF\u00c1CIO MINISTERIAL Como Ministoro eui Defenasaca, trabalho arduamente todos os dias para garantir que a espinha dorsal de nossa sociedade &#8211; as For\u00e7as Armadas Imperiais Sarovianas &#8211; permane\u00e7a forte, ativa e inabal\u00e1vel. Em nosso mundo em r\u00e1pida evolu\u00e7\u00e3o, precisamos de uma for\u00e7a de combate eficaz e bem treinada para proteger os interesses, a sociedade e [&hellip;]\" \/>\n<meta property=\"og:url\" content=\"https:\/\/newsarovia.com\/pt\/ministry-of-defence\/\" \/>\n<meta property=\"og:site_name\" content=\"SMI Gouverna\" \/>\n<meta property=\"article:modified_time\" content=\"2025-04-10T18:58:45+00:00\" \/>\n<meta property=\"og:image\" content=\"https:\/\/newsarovia.com\/wp-content\/uploads\/2025\/03\/Albaros_PM-1024x1024.png\" \/>\n<meta name=\"twitter:card\" content=\"summary_large_image\" \/>\n<meta name=\"twitter:label1\" content=\"Est. tempo de leitura\" \/>\n\t<meta name=\"twitter:data1\" content=\"2 minutos\" \/>\n<script type=\"application\/ld+json\" class=\"yoast-schema-graph\">{\"@context\":\"https:\\\/\\\/schema.org\",\"@graph\":[{\"@type\":\"WebPage\",\"@id\":\"https:\\\/\\\/newsarovia.com\\\/pt\\\/ministry-of-defence\\\/\",\"url\":\"https:\\\/\\\/newsarovia.com\\\/pt\\\/ministry-of-defence\\\/\",\"name\":\"Ministe eui Defenasaca\",\"isPartOf\":{\"@id\":\"https:\\\/\\\/newsarovia.com\\\/#website\"},\"primaryImageOfPage\":{\"@id\":\"https:\\\/\\\/newsarovia.com\\\/pt\\\/ministry-of-defence\\\/#primaryimage\"},\"image\":{\"@id\":\"https:\\\/\\\/newsarovia.com\\\/pt\\\/ministry-of-defence\\\/#primaryimage\"},\"thumbnailUrl\":\"https:\\\/\\\/newsarovia.com\\\/wp-content\\\/uploads\\\/2025\\\/03\\\/Albaros_PM-1024x1024.png\",\"datePublished\":\"2025-02-09T19:10:04+00:00\",\"dateModified\":\"2025-04-10T18:58:45+00:00\",\"breadcrumb\":{\"@id\":\"https:\\\/\\\/newsarovia.com\\\/pt\\\/ministry-of-defence\\\/#breadcrumb\"},\"inLanguage\":\"pt-BR\",\"potentialAction\":[{\"@type\":\"ReadAction\",\"target\":[\"https:\\\/\\\/newsarovia.com\\\/pt\\\/ministry-of-defence\\\/\"]}]},{\"@type\":\"ImageObject\",\"inLanguage\":\"pt-BR\",\"@id\":\"https:\\\/\\\/newsarovia.com\\\/pt\\\/ministry-of-defence\\\/#primaryimage\",\"url\":\"https:\\\/\\\/newsarovia.com\\\/wp-content\\\/uploads\\\/2025\\\/03\\\/Albaros_PM-1024x1024.png\",\"contentUrl\":\"https:\\\/\\\/newsarovia.com\\\/wp-content\\\/uploads\\\/2025\\\/03\\\/Albaros_PM-1024x1024.png\"},{\"@type\":\"BreadcrumbList\",\"@id\":\"https:\\\/\\\/newsarovia.com\\\/pt\\\/ministry-of-defence\\\/#breadcrumb\",\"itemListElement\":[{\"@type\":\"ListItem\",\"position\":1,\"name\":\"Home\",\"item\":\"https:\\\/\\\/newsarovia.com\\\/\"},{\"@type\":\"ListItem\",\"position\":2,\"name\":\"Ministe eui Defenasaca\"}]},{\"@type\":\"WebSite\",\"@id\":\"https:\\\/\\\/newsarovia.com\\\/#website\",\"url\":\"https:\\\/\\\/newsarovia.com\\\/\",\"name\":\"SMI Gouverna\",\"description\":\"\",\"publisher\":{\"@id\":\"https:\\\/\\\/newsarovia.com\\\/#organization\"},\"potentialAction\":[{\"@type\":\"SearchAction\",\"target\":{\"@type\":\"EntryPoint\",\"urlTemplate\":\"https:\\\/\\\/newsarovia.com\\\/?s={search_term_string}\"},\"query-input\":{\"@type\":\"PropertyValueSpecification\",\"valueRequired\":true,\"valueName\":\"search_term_string\"}}],\"inLanguage\":\"pt-BR\"},{\"@type\":\"Organization\",\"@id\":\"https:\\\/\\\/newsarovia.com\\\/#organization\",\"name\":\"Gouverna do Seito Majis Imperial\",\"url\":\"https:\\\/\\\/newsarovia.com\\\/\",\"logo\":{\"@type\":\"ImageObject\",\"inLanguage\":\"pt-BR\",\"@id\":\"https:\\\/\\\/newsarovia.com\\\/#\\\/schema\\\/logo\\\/image\\\/\",\"url\":\"https:\\\/\\\/newsarovia.com\\\/wp-content\\\/uploads\\\/2025\\\/01\\\/Sarovia-Logo-Words.png\",\"contentUrl\":\"https:\\\/\\\/newsarovia.com\\\/wp-content\\\/uploads\\\/2025\\\/01\\\/Sarovia-Logo-Words.png\",\"width\":9985,\"height\":2274,\"caption\":\"Gouverna do Seito Majis Imperial\"},\"image\":{\"@id\":\"https:\\\/\\\/newsarovia.com\\\/#\\\/schema\\\/logo\\\/image\\\/\"}}]}<\/script>\n<!-- \/ Yoast SEO plugin. -->","yoast_head_json":{"title":"Ministe eui Defenasaca - SMI Gouverna","robots":{"index":"index","follow":"follow","max-snippet":"max-snippet:-1","max-image-preview":"max-image-preview:large","max-video-preview":"max-video-preview:-1"},"canonical":"https:\/\/newsarovia.com\/pt\/ministry-of-defence\/","og_locale":"pt_BR","og_type":"article","og_title":"[:en]Ministe eui Defenasaca[:pt]Ministe eui Defenasaca[:] - SMI Gouverna","og_description":"PREF\u00c1CIO MINISTERIAL Como Ministoro eui Defenasaca, trabalho arduamente todos os dias para garantir que a espinha dorsal de nossa sociedade &#8211; as For\u00e7as Armadas Imperiais Sarovianas &#8211; permane\u00e7a forte, ativa e inabal\u00e1vel. Em nosso mundo em r\u00e1pida evolu\u00e7\u00e3o, precisamos de uma for\u00e7a de combate eficaz e bem treinada para proteger os interesses, a sociedade e [&hellip;]","og_url":"https:\/\/newsarovia.com\/pt\/ministry-of-defence\/","og_site_name":"SMI Gouverna","article_modified_time":"2025-04-10T18:58:45+00:00","og_image":[{"url":"https:\/\/newsarovia.com\/wp-content\/uploads\/2025\/03\/Albaros_PM-1024x1024.png","type":"","width":"","height":""}],"twitter_card":"summary_large_image","twitter_misc":{"Est. tempo de leitura":"2 minutos"},"schema":{"@context":"https:\/\/schema.org","@graph":[{"@type":"WebPage","@id":"https:\/\/newsarovia.com\/pt\/ministry-of-defence\/","url":"https:\/\/newsarovia.com\/pt\/ministry-of-defence\/","name":"Ministe eui Defenasaca","isPartOf":{"@id":"https:\/\/newsarovia.com\/#website"},"primaryImageOfPage":{"@id":"https:\/\/newsarovia.com\/pt\/ministry-of-defence\/#primaryimage"},"image":{"@id":"https:\/\/newsarovia.com\/pt\/ministry-of-defence\/#primaryimage"},"thumbnailUrl":"https:\/\/newsarovia.com\/wp-content\/uploads\/2025\/03\/Albaros_PM-1024x1024.png","datePublished":"2025-02-09T19:10:04+00:00","dateModified":"2025-04-10T18:58:45+00:00","breadcrumb":{"@id":"https:\/\/newsarovia.com\/pt\/ministry-of-defence\/#breadcrumb"},"inLanguage":"pt-BR","potentialAction":[{"@type":"ReadAction","target":["https:\/\/newsarovia.com\/pt\/ministry-of-defence\/"]}]},{"@type":"ImageObject","inLanguage":"pt-BR","@id":"https:\/\/newsarovia.com\/pt\/ministry-of-defence\/#primaryimage","url":"https:\/\/newsarovia.com\/wp-content\/uploads\/2025\/03\/Albaros_PM-1024x1024.png","contentUrl":"https:\/\/newsarovia.com\/wp-content\/uploads\/2025\/03\/Albaros_PM-1024x1024.png"},{"@type":"BreadcrumbList","@id":"https:\/\/newsarovia.com\/pt\/ministry-of-defence\/#breadcrumb","itemListElement":[{"@type":"ListItem","position":1,"name":"Home","item":"https:\/\/newsarovia.com\/"},{"@type":"ListItem","position":2,"name":"Ministe eui Defenasaca"}]},{"@type":"WebSite","@id":"https:\/\/newsarovia.com\/#website","url":"https:\/\/newsarovia.com\/","name":"SMI Gouverna","description":"","publisher":{"@id":"https:\/\/newsarovia.com\/#organization"},"potentialAction":[{"@type":"SearchAction","target":{"@type":"EntryPoint","urlTemplate":"https:\/\/newsarovia.com\/?s={search_term_string}"},"query-input":{"@type":"PropertyValueSpecification","valueRequired":true,"valueName":"search_term_string"}}],"inLanguage":"pt-BR"},{"@type":"Organization","@id":"https:\/\/newsarovia.com\/#organization","name":"Gouverna do Seito Majis Imperial","url":"https:\/\/newsarovia.com\/","logo":{"@type":"ImageObject","inLanguage":"pt-BR","@id":"https:\/\/newsarovia.com\/#\/schema\/logo\/image\/","url":"https:\/\/newsarovia.com\/wp-content\/uploads\/2025\/01\/Sarovia-Logo-Words.png","contentUrl":"https:\/\/newsarovia.com\/wp-content\/uploads\/2025\/01\/Sarovia-Logo-Words.png","width":9985,"height":2274,"caption":"Gouverna do Seito Majis Imperial"},"image":{"@id":"https:\/\/newsarovia.com\/#\/schema\/logo\/image\/"}}]}},"_links":{"self":[{"href":"https:\/\/newsarovia.com\/pt\/wp-json\/wp\/v2\/pages\/1961","targetHints":{"allow":["GET"]}}],"collection":[{"href":"https:\/\/newsarovia.com\/pt\/wp-json\/wp\/v2\/pages"}],"about":[{"href":"https:\/\/newsarovia.com\/pt\/wp-json\/wp\/v2\/types\/page"}],"author":[{"embeddable":true,"href":"https:\/\/newsarovia.com\/pt\/wp-json\/wp\/v2\/users\/2"}],"replies":[{"embeddable":true,"href":"https:\/\/newsarovia.com\/pt\/wp-json\/wp\/v2\/comments?post=1961"}],"version-history":[{"count":5,"href":"https:\/\/newsarovia.com\/pt\/wp-json\/wp\/v2\/pages\/1961\/revisions"}],"predecessor-version":[{"id":2833,"href":"https:\/\/newsarovia.com\/pt\/wp-json\/wp\/v2\/pages\/1961\/revisions\/2833"}],"wp:attachment":[{"href":"https:\/\/newsarovia.com\/pt\/wp-json\/wp\/v2\/media?parent=1961"}],"curies":[{"name":"wp","href":"https:\/\/api.w.org\/{rel}","templated":true}]}}