{"id":1999,"date":"2025-02-11T03:54:24","date_gmt":"2025-02-11T03:54:24","guid":{"rendered":"https:\/\/newsarovia.com\/?page_id=1999"},"modified":"2025-06-27T20:23:33","modified_gmt":"2025-06-27T20:23:33","slug":"ministry-of-justice","status":"publish","type":"page","link":"https:\/\/newsarovia.com\/pt\/ministry-of-justice\/","title":{"rendered":"Ministe eui Justizia"},"content":{"rendered":"\n<div class=\"wp-block-columns is-layout-flex wp-container-core-columns-is-layout-28f84493 wp-block-columns-is-layout-flex\">\n<div class=\"wp-block-column is-layout-flow wp-block-column-is-layout-flow\" style=\"flex-basis:33.33%\">\n<figure class=\"wp-block-image size-full\"><img loading=\"lazy\" decoding=\"async\" width=\"2048\" height=\"2048\" src=\"https:\/\/newsarovia.com\/wp-content\/uploads\/2025\/01\/Margaret_Minister.png\" alt=\"\" class=\"wp-image-1706\" srcset=\"https:\/\/newsarovia.com\/wp-content\/uploads\/2025\/01\/Margaret_Minister.png 2048w, https:\/\/newsarovia.com\/wp-content\/uploads\/2025\/01\/Margaret_Minister-300x300.png 300w, https:\/\/newsarovia.com\/wp-content\/uploads\/2025\/01\/Margaret_Minister-1024x1024.png 1024w, https:\/\/newsarovia.com\/wp-content\/uploads\/2025\/01\/Margaret_Minister-150x150.png 150w, https:\/\/newsarovia.com\/wp-content\/uploads\/2025\/01\/Margaret_Minister-768x768.png 768w, https:\/\/newsarovia.com\/wp-content\/uploads\/2025\/01\/Margaret_Minister-1536x1536.png 1536w\" sizes=\"auto, (max-width: 2048px) 100vw, 2048px\" \/><\/figure>\n<\/div>\n\n\n\n<div class=\"wp-block-column is-layout-flow wp-block-column-is-layout-flow\" style=\"flex-basis:66.66%\">\n<h2 class=\"wp-block-heading has-primary-color has-text-color has-link-color wp-elements-00b7b459c2a5ed26dba6171d7d0ffbec\" style=\"font-size:clamp(15.747px, 0.984rem + ((1vw - 3.2px) * 0.938), 24px);\">PREF\u00c1CIO MINISTERIAL<\/h2>\n\n\n\n<p class=\"has-superbfont-small-font-size\">Como <em>Legeielliza-Generalle<\/em>, trabalho para garantir que o sistema jur\u00eddico de Sarovia continue a se desenvolver. Supervisiono o Constabul\u00e1rio Imperial Saroviano e asseguro que ela esteja sempre vigilante, garantindo que nenhuma lei tenha sido violada e que esteja monitorando todas as disputas, assegurando que elas sejam tratadas adequadamente com habilidade, efici\u00eancia e respeito a todos os Sarovianos. Desde minha nomea\u00e7\u00e3o, recebi a incumb\u00eancia de tornar sua presen\u00e7a ainda mais conhecida entre os cidad\u00e3os, bem como a expans\u00e3o da conscientiza\u00e7\u00e3o de nossos sistemas judiciais. Al\u00e9m de tudo isso, tamb\u00e9m reviso periodicamente as leis em vigor e tomo nota de onde podem ser feitas melhorias ou forne\u00e7o informa\u00e7\u00f5es sobre oportunidades para novas legisla\u00e7\u00f5es. At\u00e9 o momento, meu minist\u00e9rio j\u00e1 aprovou v\u00e1rias leis que fazem exatamente isso. Acredito firmemente que a comunica\u00e7\u00e3o com todas as facetas da lei \u00e9 fundamental para garantir que o Imp\u00e9rio possa proteger seus cidad\u00e3os. Meu Minist\u00e9rio se esfor\u00e7a para, no futuro, continuar a construir nossa base legal e expandir para todas as facetas de Sarovia. A lei \u00e9 fundamental para a sociedade Saroviana. Sem lei, n\u00e3o temos ordem e, sem ordem, nossa sociedade n\u00e3o pode continuar.<\/p>\n<\/div>\n<\/div>\n\n\n\n<hr class=\"wp-block-separator has-alpha-channel-opacity is-style-wide\"\/>\n\n\n\n<div style=\"height:18px\" aria-hidden=\"true\" class=\"wp-block-spacer\"><\/div>\n\n\n\n<div class=\"wp-block-columns is-layout-flex wp-container-core-columns-is-layout-28f84493 wp-block-columns-is-layout-flex\">\n<div class=\"wp-block-column is-layout-flow wp-block-column-is-layout-flow\">\n<div class=\"wp-block-cover is-light\" style=\"min-height:276px;aspect-ratio:unset;\"><img loading=\"lazy\" decoding=\"async\" width=\"1242\" height=\"1422\" class=\"wp-block-cover__image-background wp-image-2000\" alt=\"\" src=\"https:\/\/newsarovia.com\/wp-content\/uploads\/2025\/02\/justice2.png\" data-object-fit=\"cover\" srcset=\"https:\/\/newsarovia.com\/wp-content\/uploads\/2025\/02\/justice2.png 1242w, https:\/\/newsarovia.com\/wp-content\/uploads\/2025\/02\/justice2-262x300.png 262w, https:\/\/newsarovia.com\/wp-content\/uploads\/2025\/02\/justice2-894x1024.png 894w, https:\/\/newsarovia.com\/wp-content\/uploads\/2025\/02\/justice2-768x879.png 768w\" sizes=\"auto, (max-width: 1242px) 100vw, 1242px\" \/><span aria-hidden=\"true\" class=\"wp-block-cover__background has-background-dim-90 has-background-dim\" style=\"background-color:#b57648\"><\/span><div class=\"wp-block-cover__inner-container is-layout-flow wp-block-cover-is-layout-flow\">\n<p class=\"has-text-align-center has-contrast-light-color has-text-color has-link-color wp-elements-8056cc0075d29e2c01415b867851d64a\" style=\"font-size:clamp(16.293px, 1.018rem + ((1vw - 3.2px) * 0.989), 25px);\"><strong>Os 3 Cortes e Como Funcionam<\/strong><\/p>\n<\/div><\/div>\n<\/div>\n\n\n\n<div class=\"wp-block-column is-layout-flow wp-block-column-is-layout-flow\">\n<div class=\"wp-block-cover is-light\" style=\"min-height:276px;aspect-ratio:unset;\"><img loading=\"lazy\" decoding=\"async\" width=\"1242\" height=\"1422\" class=\"wp-block-cover__image-background wp-image-2000\" alt=\"\" src=\"https:\/\/newsarovia.com\/wp-content\/uploads\/2025\/02\/justice2.png\" data-object-fit=\"cover\" srcset=\"https:\/\/newsarovia.com\/wp-content\/uploads\/2025\/02\/justice2.png 1242w, https:\/\/newsarovia.com\/wp-content\/uploads\/2025\/02\/justice2-262x300.png 262w, https:\/\/newsarovia.com\/wp-content\/uploads\/2025\/02\/justice2-894x1024.png 894w, https:\/\/newsarovia.com\/wp-content\/uploads\/2025\/02\/justice2-768x879.png 768w\" sizes=\"auto, (max-width: 1242px) 100vw, 1242px\" \/><span aria-hidden=\"true\" class=\"wp-block-cover__background has-background-dim-90 has-background-dim\" style=\"background-color:#b57648\"><\/span><div class=\"wp-block-cover__inner-container is-layout-flow wp-block-cover-is-layout-flow\">\n<p class=\"has-text-align-center has-contrast-light-color has-text-color has-link-color wp-elements-38588ea2e37699015355396353bb6525\" style=\"font-size:clamp(16.293px, 1.018rem + ((1vw - 3.2px) * 0.989), 25px);\"><strong>Virar Juiz ou Advogado<\/strong><\/p>\n<\/div><\/div>\n<\/div>\n\n\n\n<div class=\"wp-block-column is-layout-flow wp-block-column-is-layout-flow\">\n<div class=\"wp-block-cover is-light\" style=\"min-height:276px;aspect-ratio:unset;\"><img loading=\"lazy\" decoding=\"async\" width=\"1242\" height=\"1422\" class=\"wp-block-cover__image-background wp-image-2000\" alt=\"\" src=\"https:\/\/newsarovia.com\/wp-content\/uploads\/2025\/02\/justice2.png\" data-object-fit=\"cover\" srcset=\"https:\/\/newsarovia.com\/wp-content\/uploads\/2025\/02\/justice2.png 1242w, https:\/\/newsarovia.com\/wp-content\/uploads\/2025\/02\/justice2-262x300.png 262w, https:\/\/newsarovia.com\/wp-content\/uploads\/2025\/02\/justice2-894x1024.png 894w, https:\/\/newsarovia.com\/wp-content\/uploads\/2025\/02\/justice2-768x879.png 768w\" sizes=\"auto, (max-width: 1242px) 100vw, 1242px\" \/><span aria-hidden=\"true\" class=\"wp-block-cover__background has-background-dim-90 has-background-dim\" style=\"background-color:#b57648\"><\/span><div class=\"wp-block-cover__inner-container is-layout-flow wp-block-cover-is-layout-flow\">\n<p class=\"has-text-align-center has-contrast-light-color has-text-color has-link-color wp-elements-243c8bd2261505dc14e240001426ccfa\" style=\"font-size:clamp(16.293px, 1.018rem + ((1vw - 3.2px) * 0.989), 25px);\"><strong><strong><strong>Junte-se no Constabul\u00e1rio<\/strong><\/strong><\/strong><\/p>\n<\/div><\/div>\n<\/div>\n\n\n\n<div class=\"wp-block-column is-layout-flow wp-block-column-is-layout-flow\">\n<div class=\"wp-block-cover is-light\" style=\"min-height:276px;aspect-ratio:unset;\"><img loading=\"lazy\" decoding=\"async\" width=\"1242\" height=\"1422\" class=\"wp-block-cover__image-background wp-image-2000\" alt=\"\" src=\"https:\/\/newsarovia.com\/wp-content\/uploads\/2025\/02\/justice2.png\" data-object-fit=\"cover\" srcset=\"https:\/\/newsarovia.com\/wp-content\/uploads\/2025\/02\/justice2.png 1242w, https:\/\/newsarovia.com\/wp-content\/uploads\/2025\/02\/justice2-262x300.png 262w, https:\/\/newsarovia.com\/wp-content\/uploads\/2025\/02\/justice2-894x1024.png 894w, https:\/\/newsarovia.com\/wp-content\/uploads\/2025\/02\/justice2-768x879.png 768w\" sizes=\"auto, (max-width: 1242px) 100vw, 1242px\" \/><span aria-hidden=\"true\" class=\"wp-block-cover__background has-background-dim-90 has-background-dim\" style=\"background-color:#b57648\"><\/span><div class=\"wp-block-cover__inner-container is-layout-flow wp-block-cover-is-layout-flow\">\n<p class=\"has-text-align-center has-contrast-light-color has-text-color has-link-color wp-elements-7016004cbc0be1b9e50ce34858db50af\" style=\"font-size:clamp(16.293px, 1.018rem + ((1vw - 3.2px) * 0.989), 25px);\"><strong>Aprender Sobre Seus Direitos<\/strong><\/p>\n<\/div><\/div>\n<\/div>\n<\/div>\n\n\n\n<p><\/p>\n","protected":false},"excerpt":{"rendered":"<p>PREF\u00c1CIO MINISTERIAL Como Legeielliza-Generalle, trabalho para garantir que o sistema jur\u00eddico de Sarovia continue a se desenvolver. Supervisiono o Constabul\u00e1rio Imperial Saroviano e asseguro que ela esteja sempre vigilante, garantindo que nenhuma lei tenha sido violada e que esteja monitorando todas as disputas, assegurando que elas sejam tratadas adequadamente com habilidade, efici\u00eancia e respeito a [&hellip;]<\/p>\n","protected":false},"author":2,"featured_media":0,"parent":0,"menu_order":0,"comment_status":"closed","ping_status":"closed","template":"","meta":{"footnotes":""},"class_list":["post-1999","page","type-page","status-publish","hentry"],"yoast_head":"<!-- This site is optimized with the Yoast SEO plugin v27.4 - https:\/\/yoast.com\/product\/yoast-seo-wordpress\/ -->\n<title>Ministe eui Justizia - SMI Gouverna<\/title>\n<meta name=\"robots\" content=\"index, follow, max-snippet:-1, max-image-preview:large, max-video-preview:-1\" \/>\n<link rel=\"canonical\" href=\"https:\/\/newsarovia.com\/pt\/ministry-of-justice\/\" \/>\n<meta property=\"og:locale\" content=\"pt_BR\" \/>\n<meta property=\"og:locale:alternate\" content=\"en_US\" \/>\n<meta property=\"og:type\" content=\"article\" \/>\n<meta property=\"og:title\" content=\"Ministe eui Justizia\" \/>\n<meta property=\"og:description\" content=\"PREF\u00c1CIO MINISTERIAL Como Legeielliza-Generalle, trabalho para garantir que o sistema jur\u00eddico de Sarovia continue a se desenvolver. Supervisiono o Constabul\u00e1rio Imperial Saroviano e asseguro que ela esteja sempre vigilante, garantindo que nenhuma lei tenha sido violada e que esteja monitorando todas as disputas, assegurando que elas sejam tratadas adequadamente com habilidade, efici\u00eancia e respeito a [&hellip;]\" \/>\n<meta property=\"og:url\" content=\"https:\/\/newsarovia.com\/pt\/ministry-of-justice\/\" \/>\n<meta property=\"og:site_name\" content=\"SMI Gouverna\" \/>\n<meta property=\"article:modified_time\" content=\"2025-06-27T20:23:33+00:00\" \/>\n<meta property=\"og:image\" content=\"https:\/\/newsarovia.com\/wp-content\/uploads\/2025\/01\/Margaret_Minister.png\" \/>\n\t<meta property=\"og:image:width\" content=\"2048\" \/>\n\t<meta property=\"og:image:height\" content=\"2048\" \/>\n\t<meta property=\"og:image:type\" content=\"image\/png\" \/>\n<meta name=\"twitter:card\" content=\"summary_large_image\" \/>\n<meta name=\"twitter:label1\" content=\"Est. tempo de leitura\" \/>\n\t<meta name=\"twitter:data1\" content=\"2 minutos\" \/>\n<script type=\"application\/ld+json\" class=\"yoast-schema-graph\">{\"@context\":\"https:\\\/\\\/schema.org\",\"@graph\":[{\"@type\":\"WebPage\",\"@id\":\"https:\\\/\\\/newsarovia.com\\\/ministry-of-justice\\\/\",\"url\":\"https:\\\/\\\/newsarovia.com\\\/ministry-of-justice\\\/\",\"name\":\"Ministe eui Justizia\",\"isPartOf\":{\"@id\":\"https:\\\/\\\/newsarovia.com\\\/#website\"},\"primaryImageOfPage\":{\"@id\":\"https:\\\/\\\/newsarovia.com\\\/ministry-of-justice\\\/#primaryimage\"},\"image\":{\"@id\":\"https:\\\/\\\/newsarovia.com\\\/ministry-of-justice\\\/#primaryimage\"},\"thumbnailUrl\":\"https:\\\/\\\/newsarovia.com\\\/wp-content\\\/uploads\\\/2025\\\/01\\\/Margaret_Minister.png\",\"datePublished\":\"2025-02-11T03:54:24+00:00\",\"dateModified\":\"2025-06-27T20:23:33+00:00\",\"breadcrumb\":{\"@id\":\"https:\\\/\\\/newsarovia.com\\\/ministry-of-justice\\\/#breadcrumb\"},\"inLanguage\":\"pt-BR\",\"potentialAction\":[{\"@type\":\"ReadAction\",\"target\":[\"https:\\\/\\\/newsarovia.com\\\/ministry-of-justice\\\/\"]}]},{\"@type\":\"ImageObject\",\"inLanguage\":\"pt-BR\",\"@id\":\"https:\\\/\\\/newsarovia.com\\\/ministry-of-justice\\\/#primaryimage\",\"url\":\"https:\\\/\\\/newsarovia.com\\\/wp-content\\\/uploads\\\/2025\\\/01\\\/Margaret_Minister.png\",\"contentUrl\":\"https:\\\/\\\/newsarovia.com\\\/wp-content\\\/uploads\\\/2025\\\/01\\\/Margaret_Minister.png\"},{\"@type\":\"BreadcrumbList\",\"@id\":\"https:\\\/\\\/newsarovia.com\\\/ministry-of-justice\\\/#breadcrumb\",\"itemListElement\":[{\"@type\":\"ListItem\",\"position\":1,\"name\":\"Home\",\"item\":\"https:\\\/\\\/newsarovia.com\\\/\"},{\"@type\":\"ListItem\",\"position\":2,\"name\":\"Ministe eui Justizia\"}]},{\"@type\":\"WebSite\",\"@id\":\"https:\\\/\\\/newsarovia.com\\\/#website\",\"url\":\"https:\\\/\\\/newsarovia.com\\\/\",\"name\":\"SMI Gouverna\",\"description\":\"\",\"publisher\":{\"@id\":\"https:\\\/\\\/newsarovia.com\\\/#organization\"},\"potentialAction\":[{\"@type\":\"SearchAction\",\"target\":{\"@type\":\"EntryPoint\",\"urlTemplate\":\"https:\\\/\\\/newsarovia.com\\\/?s={search_term_string}\"},\"query-input\":{\"@type\":\"PropertyValueSpecification\",\"valueRequired\":true,\"valueName\":\"search_term_string\"}}],\"inLanguage\":\"pt-BR\"},{\"@type\":\"Organization\",\"@id\":\"https:\\\/\\\/newsarovia.com\\\/#organization\",\"name\":\"Gouverna do Seito Majis Imperial\",\"url\":\"https:\\\/\\\/newsarovia.com\\\/\",\"logo\":{\"@type\":\"ImageObject\",\"inLanguage\":\"pt-BR\",\"@id\":\"https:\\\/\\\/newsarovia.com\\\/#\\\/schema\\\/logo\\\/image\\\/\",\"url\":\"https:\\\/\\\/newsarovia.com\\\/wp-content\\\/uploads\\\/2025\\\/01\\\/Sarovia-Logo-Words.png\",\"contentUrl\":\"https:\\\/\\\/newsarovia.com\\\/wp-content\\\/uploads\\\/2025\\\/01\\\/Sarovia-Logo-Words.png\",\"width\":9985,\"height\":2274,\"caption\":\"Gouverna do Seito Majis Imperial\"},\"image\":{\"@id\":\"https:\\\/\\\/newsarovia.com\\\/#\\\/schema\\\/logo\\\/image\\\/\"}}]}<\/script>\n<!-- \/ Yoast SEO plugin. -->","yoast_head_json":{"title":"Ministe eui Justizia - SMI Gouverna","robots":{"index":"index","follow":"follow","max-snippet":"max-snippet:-1","max-image-preview":"max-image-preview:large","max-video-preview":"max-video-preview:-1"},"canonical":"https:\/\/newsarovia.com\/pt\/ministry-of-justice\/","og_locale":"pt_BR","og_type":"article","og_title":"[:en]Ministe eui Justizia[:pt]Ministe eui Justizia[:] - SMI Gouverna","og_description":"PREF\u00c1CIO MINISTERIAL Como Legeielliza-Generalle, trabalho para garantir que o sistema jur\u00eddico de Sarovia continue a se desenvolver. Supervisiono o Constabul\u00e1rio Imperial Saroviano e asseguro que ela esteja sempre vigilante, garantindo que nenhuma lei tenha sido violada e que esteja monitorando todas as disputas, assegurando que elas sejam tratadas adequadamente com habilidade, efici\u00eancia e respeito a [&hellip;]","og_url":"https:\/\/newsarovia.com\/pt\/ministry-of-justice\/","og_site_name":"SMI Gouverna","article_modified_time":"2025-06-27T20:23:33+00:00","og_image":[{"width":2048,"height":2048,"url":"https:\/\/newsarovia.com\/wp-content\/uploads\/2025\/01\/Margaret_Minister.png","type":"image\/png"}],"twitter_card":"summary_large_image","twitter_misc":{"Est. tempo de leitura":"2 minutos"},"schema":{"@context":"https:\/\/schema.org","@graph":[{"@type":"WebPage","@id":"https:\/\/newsarovia.com\/ministry-of-justice\/","url":"https:\/\/newsarovia.com\/ministry-of-justice\/","name":"Ministe eui Justizia","isPartOf":{"@id":"https:\/\/newsarovia.com\/#website"},"primaryImageOfPage":{"@id":"https:\/\/newsarovia.com\/ministry-of-justice\/#primaryimage"},"image":{"@id":"https:\/\/newsarovia.com\/ministry-of-justice\/#primaryimage"},"thumbnailUrl":"https:\/\/newsarovia.com\/wp-content\/uploads\/2025\/01\/Margaret_Minister.png","datePublished":"2025-02-11T03:54:24+00:00","dateModified":"2025-06-27T20:23:33+00:00","breadcrumb":{"@id":"https:\/\/newsarovia.com\/ministry-of-justice\/#breadcrumb"},"inLanguage":"pt-BR","potentialAction":[{"@type":"ReadAction","target":["https:\/\/newsarovia.com\/ministry-of-justice\/"]}]},{"@type":"ImageObject","inLanguage":"pt-BR","@id":"https:\/\/newsarovia.com\/ministry-of-justice\/#primaryimage","url":"https:\/\/newsarovia.com\/wp-content\/uploads\/2025\/01\/Margaret_Minister.png","contentUrl":"https:\/\/newsarovia.com\/wp-content\/uploads\/2025\/01\/Margaret_Minister.png"},{"@type":"BreadcrumbList","@id":"https:\/\/newsarovia.com\/ministry-of-justice\/#breadcrumb","itemListElement":[{"@type":"ListItem","position":1,"name":"Home","item":"https:\/\/newsarovia.com\/"},{"@type":"ListItem","position":2,"name":"Ministe eui Justizia"}]},{"@type":"WebSite","@id":"https:\/\/newsarovia.com\/#website","url":"https:\/\/newsarovia.com\/","name":"SMI Gouverna","description":"","publisher":{"@id":"https:\/\/newsarovia.com\/#organization"},"potentialAction":[{"@type":"SearchAction","target":{"@type":"EntryPoint","urlTemplate":"https:\/\/newsarovia.com\/?s={search_term_string}"},"query-input":{"@type":"PropertyValueSpecification","valueRequired":true,"valueName":"search_term_string"}}],"inLanguage":"pt-BR"},{"@type":"Organization","@id":"https:\/\/newsarovia.com\/#organization","name":"Gouverna do Seito Majis Imperial","url":"https:\/\/newsarovia.com\/","logo":{"@type":"ImageObject","inLanguage":"pt-BR","@id":"https:\/\/newsarovia.com\/#\/schema\/logo\/image\/","url":"https:\/\/newsarovia.com\/wp-content\/uploads\/2025\/01\/Sarovia-Logo-Words.png","contentUrl":"https:\/\/newsarovia.com\/wp-content\/uploads\/2025\/01\/Sarovia-Logo-Words.png","width":9985,"height":2274,"caption":"Gouverna do Seito Majis Imperial"},"image":{"@id":"https:\/\/newsarovia.com\/#\/schema\/logo\/image\/"}}]}},"_links":{"self":[{"href":"https:\/\/newsarovia.com\/pt\/wp-json\/wp\/v2\/pages\/1999","targetHints":{"allow":["GET"]}}],"collection":[{"href":"https:\/\/newsarovia.com\/pt\/wp-json\/wp\/v2\/pages"}],"about":[{"href":"https:\/\/newsarovia.com\/pt\/wp-json\/wp\/v2\/types\/page"}],"author":[{"embeddable":true,"href":"https:\/\/newsarovia.com\/pt\/wp-json\/wp\/v2\/users\/2"}],"replies":[{"embeddable":true,"href":"https:\/\/newsarovia.com\/pt\/wp-json\/wp\/v2\/comments?post=1999"}],"version-history":[{"count":5,"href":"https:\/\/newsarovia.com\/pt\/wp-json\/wp\/v2\/pages\/1999\/revisions"}],"predecessor-version":[{"id":3168,"href":"https:\/\/newsarovia.com\/pt\/wp-json\/wp\/v2\/pages\/1999\/revisions\/3168"}],"wp:attachment":[{"href":"https:\/\/newsarovia.com\/pt\/wp-json\/wp\/v2\/media?parent=1999"}],"curies":[{"name":"wp","href":"https:\/\/api.w.org\/{rel}","templated":true}]}}