{"id":2002,"date":"2025-02-11T04:03:03","date_gmt":"2025-02-11T04:03:03","guid":{"rendered":"https:\/\/newsarovia.com\/?page_id=2002"},"modified":"2025-06-27T20:24:05","modified_gmt":"2025-06-27T20:24:05","slug":"commonwealth","status":"publish","type":"page","link":"https:\/\/newsarovia.com\/pt\/commonwealth\/","title":{"rendered":"Ministe eui Fasitios Comerronna y Communonna"},"content":{"rendered":"\n<div class=\"wp-block-columns is-layout-flex wp-container-core-columns-is-layout-28f84493 wp-block-columns-is-layout-flex\">\n<div class=\"wp-block-column is-layout-flow wp-block-column-is-layout-flow\" style=\"flex-basis:33.33%\">\n<figure class=\"wp-block-image size-large is-style-default\"><img loading=\"lazy\" decoding=\"async\" width=\"1024\" height=\"1024\" src=\"https:\/\/newsarovia.com\/wp-content\/uploads\/2025\/03\/John_Minister-1024x1024.png\" alt=\"\" class=\"wp-image-2654\" srcset=\"https:\/\/newsarovia.com\/wp-content\/uploads\/2025\/03\/John_Minister-1024x1024.png 1024w, https:\/\/newsarovia.com\/wp-content\/uploads\/2025\/03\/John_Minister-300x300.png 300w, https:\/\/newsarovia.com\/wp-content\/uploads\/2025\/03\/John_Minister-150x150.png 150w, https:\/\/newsarovia.com\/wp-content\/uploads\/2025\/03\/John_Minister-768x768.png 768w, https:\/\/newsarovia.com\/wp-content\/uploads\/2025\/03\/John_Minister-1536x1536.png 1536w, https:\/\/newsarovia.com\/wp-content\/uploads\/2025\/03\/John_Minister.png 2048w\" sizes=\"auto, (max-width: 1024px) 100vw, 1024px\" \/><\/figure>\n<\/div>\n\n\n\n<div class=\"wp-block-column is-layout-flow wp-block-column-is-layout-flow\" style=\"flex-basis:66.66%\">\n<h2 class=\"wp-block-heading has-primary-color has-text-color has-link-color wp-elements-00b7b459c2a5ed26dba6171d7d0ffbec\" style=\"font-size:clamp(15.747px, 0.984rem + ((1vw - 3.2px) * 0.938), 24px);\">PREF\u00c1CIO MINISTERIAL<\/h2>\n\n\n\n<p class=\"has-superbfont-small-font-size\">Como <em>Sacretelle eui Fasitios Comerronna y Communonna<\/em>, reconhe\u00e7o o quanto nosso Imp\u00e9rio mais amplo e nossas possess\u00f5es coloniais s\u00e3o fundamentais para a hist\u00f3ria, a cultura, a sociedade e, \u00e9 claro, a defesa de Sarovia. Sejam nossos tratados e acordos m\u00fatuos que defendem os valores sarovianos de jogo a jogo, a diplomacia unida e as discuss\u00f5es que temos com nossa grande fam\u00edlia Saroviana ou as negocia\u00e7\u00f5es com organiza\u00e7\u00f5es menores e n\u00e3o-reconhecidas, desde o primeiro dia, a sociedade saroviana entendeu e reconheceu a necessidade de possess\u00f5es imperiais e de uma forte presen\u00e7a imperial. Desde que iniciei meu mandato nessa fun\u00e7\u00e3o, fortaleci o Imp\u00e9rio por meio da Federa\u00e7\u00e3o Imperial, al\u00e9m de colocar nossa fam\u00edlia em sintonia uns com os outros para trabalhar arduamente na luta pelos Sarovianos comuns em todos os aspectos. Procuro continuar fortalecendo e incentivando as rela\u00e7\u00f5es com os filhos de Sarovia e discutindo novos caminhos de expans\u00e3o e coopera\u00e7\u00e3o com as muitas na\u00e7\u00f5es n\u00e3o reconhecidas e perif\u00e9ricas, seja no Roblox, Minecraft, NationStates ou Graal.<\/p>\n<\/div>\n<\/div>\n\n\n\n<hr class=\"wp-block-separator has-alpha-channel-opacity is-style-wide\"\/>\n\n\n\n<div style=\"height:18px\" aria-hidden=\"true\" class=\"wp-block-spacer\"><\/div>\n\n\n\n<div class=\"wp-block-columns is-layout-flex wp-container-core-columns-is-layout-28f84493 wp-block-columns-is-layout-flex\">\n<div class=\"wp-block-column is-layout-flow wp-block-column-is-layout-flow\">\n<div class=\"wp-block-cover is-light\" style=\"min-height:276px;aspect-ratio:unset;\"><img loading=\"lazy\" decoding=\"async\" width=\"1242\" height=\"1422\" class=\"wp-block-cover__image-background wp-image-2003\" alt=\"\" src=\"https:\/\/newsarovia.com\/wp-content\/uploads\/2025\/02\/Commonwealth2.png\" data-object-fit=\"cover\" srcset=\"https:\/\/newsarovia.com\/wp-content\/uploads\/2025\/02\/Commonwealth2.png 1242w, https:\/\/newsarovia.com\/wp-content\/uploads\/2025\/02\/Commonwealth2-262x300.png 262w, https:\/\/newsarovia.com\/wp-content\/uploads\/2025\/02\/Commonwealth2-894x1024.png 894w, https:\/\/newsarovia.com\/wp-content\/uploads\/2025\/02\/Commonwealth2-768x879.png 768w\" sizes=\"auto, (max-width: 1242px) 100vw, 1242px\" \/><span aria-hidden=\"true\" class=\"wp-block-cover__background has-background-dim-90 has-background-dim\" style=\"background-color:#de93a5\"><\/span><div class=\"wp-block-cover__inner-container is-layout-flow wp-block-cover-is-layout-flow\">\n<p class=\"has-text-align-center has-contrast-light-color has-text-color has-link-color wp-elements-cf2a9b7c26cc2c4e1c6adc03dfe6ed0b\" style=\"font-size:clamp(16.293px, 1.018rem + ((1vw - 3.2px) * 0.989), 25px);\"><strong><a href=\"https:\/\/newsarovia.com\/pt\/philippia\/\">Pesitpais eui Philippia<\/a><\/strong><\/p>\n<\/div><\/div>\n<\/div>\n\n\n\n<div class=\"wp-block-column is-layout-flow wp-block-column-is-layout-flow\">\n<div class=\"wp-block-cover is-light\" style=\"min-height:276px;aspect-ratio:unset;\"><img loading=\"lazy\" decoding=\"async\" width=\"1242\" height=\"1422\" class=\"wp-block-cover__image-background wp-image-2003\" alt=\"\" src=\"https:\/\/newsarovia.com\/wp-content\/uploads\/2025\/02\/Commonwealth2.png\" data-object-fit=\"cover\" srcset=\"https:\/\/newsarovia.com\/wp-content\/uploads\/2025\/02\/Commonwealth2.png 1242w, https:\/\/newsarovia.com\/wp-content\/uploads\/2025\/02\/Commonwealth2-262x300.png 262w, https:\/\/newsarovia.com\/wp-content\/uploads\/2025\/02\/Commonwealth2-894x1024.png 894w, https:\/\/newsarovia.com\/wp-content\/uploads\/2025\/02\/Commonwealth2-768x879.png 768w\" sizes=\"auto, (max-width: 1242px) 100vw, 1242px\" \/><span aria-hidden=\"true\" class=\"wp-block-cover__background has-background-dim-90 has-background-dim\" style=\"background-color:#de93a5\"><\/span><div class=\"wp-block-cover__inner-container is-layout-flow wp-block-cover-is-layout-flow\">\n<p class=\"has-text-align-center has-contrast-light-color has-text-color has-link-color wp-elements-afc0f7cb20e36c0e88540334b98f08eb\" style=\"font-size:clamp(16.293px, 1.018rem + ((1vw - 3.2px) * 0.989), 25px);\"><strong><strong><a href=\"https:\/\/newsarovia.com\/pt\/carodia-aurea\/\">Pesitpais eui Carodia-Aurea<\/a><\/strong><\/strong><\/p>\n<\/div><\/div>\n<\/div>\n\n\n\n<div class=\"wp-block-column is-layout-flow wp-block-column-is-layout-flow\">\n<div class=\"wp-block-cover is-light\" style=\"min-height:276px;aspect-ratio:unset;\"><img loading=\"lazy\" decoding=\"async\" width=\"1242\" height=\"1422\" class=\"wp-block-cover__image-background wp-image-2003\" alt=\"\" src=\"https:\/\/newsarovia.com\/wp-content\/uploads\/2025\/02\/Commonwealth2.png\" data-object-fit=\"cover\" srcset=\"https:\/\/newsarovia.com\/wp-content\/uploads\/2025\/02\/Commonwealth2.png 1242w, https:\/\/newsarovia.com\/wp-content\/uploads\/2025\/02\/Commonwealth2-262x300.png 262w, https:\/\/newsarovia.com\/wp-content\/uploads\/2025\/02\/Commonwealth2-894x1024.png 894w, https:\/\/newsarovia.com\/wp-content\/uploads\/2025\/02\/Commonwealth2-768x879.png 768w\" sizes=\"auto, (max-width: 1242px) 100vw, 1242px\" \/><span aria-hidden=\"true\" class=\"wp-block-cover__background has-background-dim-90 has-background-dim\" style=\"background-color:#de93a5\"><\/span><div class=\"wp-block-cover__inner-container is-layout-flow wp-block-cover-is-layout-flow\">\n<p class=\"has-text-align-center has-contrast-light-color has-text-color has-link-color wp-elements-1b5cfe10b35d293232fea7ce2751e961\" style=\"font-size:clamp(16.293px, 1.018rem + ((1vw - 3.2px) * 0.989), 25px);\"><strong><strong><strong><a href=\"https:\/\/newsarovia.com\/pt\/comerra-metternau\/\">Comerra eui Metternau<\/a><\/strong><\/strong><\/strong><\/p>\n<\/div><\/div>\n<\/div>\n\n\n\n<div class=\"wp-block-column is-layout-flow wp-block-column-is-layout-flow\">\n<div class=\"wp-block-cover is-light\" style=\"min-height:276px;aspect-ratio:unset;\"><img loading=\"lazy\" decoding=\"async\" width=\"1242\" height=\"1422\" class=\"wp-block-cover__image-background wp-image-2003\" alt=\"\" src=\"https:\/\/newsarovia.com\/wp-content\/uploads\/2025\/02\/Commonwealth2.png\" data-object-fit=\"cover\" srcset=\"https:\/\/newsarovia.com\/wp-content\/uploads\/2025\/02\/Commonwealth2.png 1242w, https:\/\/newsarovia.com\/wp-content\/uploads\/2025\/02\/Commonwealth2-262x300.png 262w, https:\/\/newsarovia.com\/wp-content\/uploads\/2025\/02\/Commonwealth2-894x1024.png 894w, https:\/\/newsarovia.com\/wp-content\/uploads\/2025\/02\/Commonwealth2-768x879.png 768w\" sizes=\"auto, (max-width: 1242px) 100vw, 1242px\" \/><span aria-hidden=\"true\" class=\"wp-block-cover__background has-background-dim-90 has-background-dim\" style=\"background-color:#de93a5\"><\/span><div class=\"wp-block-cover__inner-container is-layout-flow wp-block-cover-is-layout-flow\">\n<p class=\"has-text-align-center has-contrast-light-color has-text-color has-link-color wp-elements-81da0cf5bd96b7bdb1bc23cab0a22e93\" style=\"font-size:clamp(16.293px, 1.018rem + ((1vw - 3.2px) * 0.989), 25px);\"><strong><a href=\"https:\/\/newsarovia.com\/pt\/the-imperial-federation\/\">A Federa\u00e7\u00e3o Imperial<\/a><\/strong><\/p>\n<\/div><\/div>\n<\/div>\n<\/div>\n\n\n\n<p><\/p>\n","protected":false},"excerpt":{"rendered":"<p>PREF\u00c1CIO MINISTERIAL Como Sacretelle eui Fasitios Comerronna y Communonna, reconhe\u00e7o o quanto nosso Imp\u00e9rio mais amplo e nossas possess\u00f5es coloniais s\u00e3o fundamentais para a hist\u00f3ria, a cultura, a sociedade e, \u00e9 claro, a defesa de Sarovia. Sejam nossos tratados e acordos m\u00fatuos que defendem os valores sarovianos de jogo a jogo, a diplomacia unida e [&hellip;]<\/p>\n","protected":false},"author":2,"featured_media":0,"parent":0,"menu_order":0,"comment_status":"closed","ping_status":"closed","template":"","meta":{"footnotes":""},"class_list":["post-2002","page","type-page","status-publish","hentry"],"yoast_head":"<!-- This site is optimized with the Yoast SEO plugin v27.5 - https:\/\/yoast.com\/product\/yoast-seo-wordpress\/ -->\n<title>Ministe eui Fasitios Comerronna y Communonna - SMI Gouverna<\/title>\n<meta name=\"robots\" content=\"index, follow, max-snippet:-1, max-image-preview:large, max-video-preview:-1\" \/>\n<link rel=\"canonical\" href=\"https:\/\/newsarovia.com\/pt\/commonwealth\/\" \/>\n<meta property=\"og:locale\" content=\"pt_BR\" \/>\n<meta property=\"og:locale:alternate\" content=\"en_US\" \/>\n<meta property=\"og:type\" content=\"article\" \/>\n<meta property=\"og:title\" content=\"Ministe eui Fasitios Comerronna y Communonna\" \/>\n<meta property=\"og:description\" content=\"PREF\u00c1CIO MINISTERIAL Como Sacretelle eui Fasitios Comerronna y Communonna, reconhe\u00e7o o quanto nosso Imp\u00e9rio mais amplo e nossas possess\u00f5es coloniais s\u00e3o fundamentais para a hist\u00f3ria, a cultura, a sociedade e, \u00e9 claro, a defesa de Sarovia. Sejam nossos tratados e acordos m\u00fatuos que defendem os valores sarovianos de jogo a jogo, a diplomacia unida e [&hellip;]\" \/>\n<meta property=\"og:url\" content=\"https:\/\/newsarovia.com\/pt\/commonwealth\/\" \/>\n<meta property=\"og:site_name\" content=\"SMI Gouverna\" \/>\n<meta property=\"article:modified_time\" content=\"2025-06-27T20:24:05+00:00\" \/>\n<meta property=\"og:image\" content=\"https:\/\/newsarovia.com\/wp-content\/uploads\/2025\/03\/John_Minister.png\" \/>\n\t<meta property=\"og:image:width\" content=\"2048\" \/>\n\t<meta property=\"og:image:height\" content=\"2048\" \/>\n\t<meta property=\"og:image:type\" content=\"image\/png\" \/>\n<meta name=\"twitter:card\" content=\"summary_large_image\" \/>\n<meta name=\"twitter:label1\" content=\"Est. tempo de leitura\" \/>\n\t<meta name=\"twitter:data1\" content=\"2 minutos\" \/>\n<script type=\"application\/ld+json\" class=\"yoast-schema-graph\">{\"@context\":\"https:\\\/\\\/schema.org\",\"@graph\":[{\"@type\":\"WebPage\",\"@id\":\"https:\\\/\\\/newsarovia.com\\\/pt\\\/commonwealth\\\/\",\"url\":\"https:\\\/\\\/newsarovia.com\\\/pt\\\/commonwealth\\\/\",\"name\":\"Ministe eui Fasitios Comerronna y Communonna\",\"isPartOf\":{\"@id\":\"https:\\\/\\\/newsarovia.com\\\/#website\"},\"primaryImageOfPage\":{\"@id\":\"https:\\\/\\\/newsarovia.com\\\/pt\\\/commonwealth\\\/#primaryimage\"},\"image\":{\"@id\":\"https:\\\/\\\/newsarovia.com\\\/pt\\\/commonwealth\\\/#primaryimage\"},\"thumbnailUrl\":\"https:\\\/\\\/newsarovia.com\\\/wp-content\\\/uploads\\\/2025\\\/03\\\/John_Minister-1024x1024.png\",\"datePublished\":\"2025-02-11T04:03:03+00:00\",\"dateModified\":\"2025-06-27T20:24:05+00:00\",\"breadcrumb\":{\"@id\":\"https:\\\/\\\/newsarovia.com\\\/pt\\\/commonwealth\\\/#breadcrumb\"},\"inLanguage\":\"pt-BR\",\"potentialAction\":[{\"@type\":\"ReadAction\",\"target\":[\"https:\\\/\\\/newsarovia.com\\\/pt\\\/commonwealth\\\/\"]}]},{\"@type\":\"ImageObject\",\"inLanguage\":\"pt-BR\",\"@id\":\"https:\\\/\\\/newsarovia.com\\\/pt\\\/commonwealth\\\/#primaryimage\",\"url\":\"https:\\\/\\\/newsarovia.com\\\/wp-content\\\/uploads\\\/2025\\\/03\\\/John_Minister-1024x1024.png\",\"contentUrl\":\"https:\\\/\\\/newsarovia.com\\\/wp-content\\\/uploads\\\/2025\\\/03\\\/John_Minister-1024x1024.png\"},{\"@type\":\"BreadcrumbList\",\"@id\":\"https:\\\/\\\/newsarovia.com\\\/pt\\\/commonwealth\\\/#breadcrumb\",\"itemListElement\":[{\"@type\":\"ListItem\",\"position\":1,\"name\":\"Home\",\"item\":\"https:\\\/\\\/newsarovia.com\\\/\"},{\"@type\":\"ListItem\",\"position\":2,\"name\":\"Ministe eui Fasitios Comerronna y Communonna\"}]},{\"@type\":\"WebSite\",\"@id\":\"https:\\\/\\\/newsarovia.com\\\/#website\",\"url\":\"https:\\\/\\\/newsarovia.com\\\/\",\"name\":\"SMI Gouverna\",\"description\":\"\",\"publisher\":{\"@id\":\"https:\\\/\\\/newsarovia.com\\\/#organization\"},\"potentialAction\":[{\"@type\":\"SearchAction\",\"target\":{\"@type\":\"EntryPoint\",\"urlTemplate\":\"https:\\\/\\\/newsarovia.com\\\/?s={search_term_string}\"},\"query-input\":{\"@type\":\"PropertyValueSpecification\",\"valueRequired\":true,\"valueName\":\"search_term_string\"}}],\"inLanguage\":\"pt-BR\"},{\"@type\":\"Organization\",\"@id\":\"https:\\\/\\\/newsarovia.com\\\/#organization\",\"name\":\"Gouverna do Seito Majis Imperial\",\"url\":\"https:\\\/\\\/newsarovia.com\\\/\",\"logo\":{\"@type\":\"ImageObject\",\"inLanguage\":\"pt-BR\",\"@id\":\"https:\\\/\\\/newsarovia.com\\\/#\\\/schema\\\/logo\\\/image\\\/\",\"url\":\"https:\\\/\\\/newsarovia.com\\\/wp-content\\\/uploads\\\/2025\\\/01\\\/Sarovia-Logo-Words.png\",\"contentUrl\":\"https:\\\/\\\/newsarovia.com\\\/wp-content\\\/uploads\\\/2025\\\/01\\\/Sarovia-Logo-Words.png\",\"width\":9985,\"height\":2274,\"caption\":\"Gouverna do Seito Majis Imperial\"},\"image\":{\"@id\":\"https:\\\/\\\/newsarovia.com\\\/#\\\/schema\\\/logo\\\/image\\\/\"}}]}<\/script>\n<!-- \/ Yoast SEO plugin. -->","yoast_head_json":{"title":"Ministe eui Fasitios Comerronna y Communonna - SMI Gouverna","robots":{"index":"index","follow":"follow","max-snippet":"max-snippet:-1","max-image-preview":"max-image-preview:large","max-video-preview":"max-video-preview:-1"},"canonical":"https:\/\/newsarovia.com\/pt\/commonwealth\/","og_locale":"pt_BR","og_type":"article","og_title":"[:en]Ministe eui Fasitios Comerronna y Communonna[:] - SMI Gouverna","og_description":"PREF\u00c1CIO MINISTERIAL Como Sacretelle eui Fasitios Comerronna y Communonna, reconhe\u00e7o o quanto nosso Imp\u00e9rio mais amplo e nossas possess\u00f5es coloniais s\u00e3o fundamentais para a hist\u00f3ria, a cultura, a sociedade e, \u00e9 claro, a defesa de Sarovia. Sejam nossos tratados e acordos m\u00fatuos que defendem os valores sarovianos de jogo a jogo, a diplomacia unida e [&hellip;]","og_url":"https:\/\/newsarovia.com\/pt\/commonwealth\/","og_site_name":"SMI Gouverna","article_modified_time":"2025-06-27T20:24:05+00:00","og_image":[{"width":2048,"height":2048,"url":"https:\/\/newsarovia.com\/wp-content\/uploads\/2025\/03\/John_Minister.png","type":"image\/png"}],"twitter_card":"summary_large_image","twitter_misc":{"Est. tempo de leitura":"2 minutos"},"schema":{"@context":"https:\/\/schema.org","@graph":[{"@type":"WebPage","@id":"https:\/\/newsarovia.com\/pt\/commonwealth\/","url":"https:\/\/newsarovia.com\/pt\/commonwealth\/","name":"Ministe eui Fasitios Comerronna y Communonna","isPartOf":{"@id":"https:\/\/newsarovia.com\/#website"},"primaryImageOfPage":{"@id":"https:\/\/newsarovia.com\/pt\/commonwealth\/#primaryimage"},"image":{"@id":"https:\/\/newsarovia.com\/pt\/commonwealth\/#primaryimage"},"thumbnailUrl":"https:\/\/newsarovia.com\/wp-content\/uploads\/2025\/03\/John_Minister-1024x1024.png","datePublished":"2025-02-11T04:03:03+00:00","dateModified":"2025-06-27T20:24:05+00:00","breadcrumb":{"@id":"https:\/\/newsarovia.com\/pt\/commonwealth\/#breadcrumb"},"inLanguage":"pt-BR","potentialAction":[{"@type":"ReadAction","target":["https:\/\/newsarovia.com\/pt\/commonwealth\/"]}]},{"@type":"ImageObject","inLanguage":"pt-BR","@id":"https:\/\/newsarovia.com\/pt\/commonwealth\/#primaryimage","url":"https:\/\/newsarovia.com\/wp-content\/uploads\/2025\/03\/John_Minister-1024x1024.png","contentUrl":"https:\/\/newsarovia.com\/wp-content\/uploads\/2025\/03\/John_Minister-1024x1024.png"},{"@type":"BreadcrumbList","@id":"https:\/\/newsarovia.com\/pt\/commonwealth\/#breadcrumb","itemListElement":[{"@type":"ListItem","position":1,"name":"Home","item":"https:\/\/newsarovia.com\/"},{"@type":"ListItem","position":2,"name":"Ministe eui Fasitios Comerronna y Communonna"}]},{"@type":"WebSite","@id":"https:\/\/newsarovia.com\/#website","url":"https:\/\/newsarovia.com\/","name":"SMI Gouverna","description":"","publisher":{"@id":"https:\/\/newsarovia.com\/#organization"},"potentialAction":[{"@type":"SearchAction","target":{"@type":"EntryPoint","urlTemplate":"https:\/\/newsarovia.com\/?s={search_term_string}"},"query-input":{"@type":"PropertyValueSpecification","valueRequired":true,"valueName":"search_term_string"}}],"inLanguage":"pt-BR"},{"@type":"Organization","@id":"https:\/\/newsarovia.com\/#organization","name":"Gouverna do Seito Majis Imperial","url":"https:\/\/newsarovia.com\/","logo":{"@type":"ImageObject","inLanguage":"pt-BR","@id":"https:\/\/newsarovia.com\/#\/schema\/logo\/image\/","url":"https:\/\/newsarovia.com\/wp-content\/uploads\/2025\/01\/Sarovia-Logo-Words.png","contentUrl":"https:\/\/newsarovia.com\/wp-content\/uploads\/2025\/01\/Sarovia-Logo-Words.png","width":9985,"height":2274,"caption":"Gouverna do Seito Majis Imperial"},"image":{"@id":"https:\/\/newsarovia.com\/#\/schema\/logo\/image\/"}}]}},"_links":{"self":[{"href":"https:\/\/newsarovia.com\/pt\/wp-json\/wp\/v2\/pages\/2002","targetHints":{"allow":["GET"]}}],"collection":[{"href":"https:\/\/newsarovia.com\/pt\/wp-json\/wp\/v2\/pages"}],"about":[{"href":"https:\/\/newsarovia.com\/pt\/wp-json\/wp\/v2\/types\/page"}],"author":[{"embeddable":true,"href":"https:\/\/newsarovia.com\/pt\/wp-json\/wp\/v2\/users\/2"}],"replies":[{"embeddable":true,"href":"https:\/\/newsarovia.com\/pt\/wp-json\/wp\/v2\/comments?post=2002"}],"version-history":[{"count":5,"href":"https:\/\/newsarovia.com\/pt\/wp-json\/wp\/v2\/pages\/2002\/revisions"}],"predecessor-version":[{"id":3170,"href":"https:\/\/newsarovia.com\/pt\/wp-json\/wp\/v2\/pages\/2002\/revisions\/3170"}],"wp:attachment":[{"href":"https:\/\/newsarovia.com\/pt\/wp-json\/wp\/v2\/media?parent=2002"}],"curies":[{"name":"wp","href":"https:\/\/api.w.org\/{rel}","templated":true}]}}