{"id":2053,"date":"2025-02-13T17:42:09","date_gmt":"2025-02-13T17:42:09","guid":{"rendered":"https:\/\/newsarovia.com\/?page_id=2053"},"modified":"2025-06-27T20:27:18","modified_gmt":"2025-06-27T20:27:18","slug":"minister-of-the-provinces","status":"publish","type":"page","link":"https:\/\/newsarovia.com\/pt\/minister-of-the-provinces\/","title":{"rendered":"Ministoro eui tel Provencos"},"content":{"rendered":"\n<div class=\"wp-block-columns is-layout-flex wp-container-core-columns-is-layout-28f84493 wp-block-columns-is-layout-flex\">\n<div class=\"wp-block-column is-layout-flow wp-block-column-is-layout-flow\" style=\"flex-basis:33.33%\">\n<figure class=\"wp-block-image size-large is-style-default\"><img loading=\"lazy\" decoding=\"async\" width=\"1024\" height=\"1024\" src=\"https:\/\/newsarovia.com\/wp-content\/uploads\/2025\/05\/baidera-red-1024x1024.png\" alt=\"\" class=\"wp-image-3098\" srcset=\"https:\/\/newsarovia.com\/wp-content\/uploads\/2025\/05\/baidera-red-1024x1024.png 1024w, https:\/\/newsarovia.com\/wp-content\/uploads\/2025\/05\/baidera-red-300x300.png 300w, https:\/\/newsarovia.com\/wp-content\/uploads\/2025\/05\/baidera-red-150x150.png 150w, https:\/\/newsarovia.com\/wp-content\/uploads\/2025\/05\/baidera-red-768x768.png 768w, https:\/\/newsarovia.com\/wp-content\/uploads\/2025\/05\/baidera-red-1536x1536.png 1536w, https:\/\/newsarovia.com\/wp-content\/uploads\/2025\/05\/baidera-red.png 2048w\" sizes=\"auto, (max-width: 1024px) 100vw, 1024px\" \/><\/figure>\n<\/div>\n\n\n\n<div class=\"wp-block-column is-layout-flow wp-block-column-is-layout-flow\" style=\"flex-basis:66.66%\">\n<h2 class=\"wp-block-heading has-primary-color has-text-color has-link-color wp-elements-00b7b459c2a5ed26dba6171d7d0ffbec\" style=\"font-size:clamp(15.747px, 0.984rem + ((1vw - 3.2px) * 0.938), 24px);\">PREF\u00c1CIO MINISTERIAL<\/h2>\n\n\n\n<p class=\"has-superbfont-small-font-size\">Como <em>Ministora eui tel Provencos<\/em>, trabalho em estreita colabora\u00e7\u00e3o com o <em>Primo Ministoro<\/em> e os v\u00e1rios <em>Ministoros-Leddor<\/em> em toda a Sarovia para que os governos provinciais estejam operando de forma eficaz e para que haja uma coopera\u00e7\u00e3o consistente entre os governos provinciais e federal. Como parte desse esfor\u00e7o, nosso Minist\u00e9rio organizou o <em>Conseili eui tel Provencos<\/em> no 24\u00ba dia de 325 AS, que, em duas semanas, levou \u00e0 promulga\u00e7\u00e3o de mais de 30 novas Ordenan\u00e7as Provinciais e quatro novos or\u00e7amentos provinciais, a maior atividade em governos provinciais j\u00e1 vista na hist\u00f3ria moderna de Sarovia. O Conselho continua a operar como um importante \u00f3rg\u00e3o de governan\u00e7a interprovincial. Meu objetivo \u00e9 dar continuidade a esse importante trabalho, orientando os governos provinciais na aplica\u00e7\u00e3o de seus decretos e no desenvolvimento de seus recursos locais, bem como dando sugest\u00f5es para novos decretos e continuando a fazer a liga\u00e7\u00e3o efetiva entre os governos provinciais e o governo federal.<\/p>\n<\/div>\n<\/div>\n\n\n\n<hr class=\"wp-block-separator has-alpha-channel-opacity is-style-wide\"\/>\n\n\n\n<div style=\"height:18px\" aria-hidden=\"true\" class=\"wp-block-spacer\"><\/div>\n\n\n\n<div class=\"wp-block-columns is-layout-flex wp-container-core-columns-is-layout-28f84493 wp-block-columns-is-layout-flex\">\n<div class=\"wp-block-column is-layout-flow wp-block-column-is-layout-flow\">\n<div class=\"wp-block-cover is-light\" style=\"min-height:276px;aspect-ratio:unset;\"><img loading=\"lazy\" decoding=\"async\" width=\"1242\" height=\"1422\" class=\"wp-block-cover__image-background wp-image-2054\" alt=\"\" src=\"https:\/\/newsarovia.com\/wp-content\/uploads\/2025\/02\/provinces2.png\" data-object-fit=\"cover\" srcset=\"https:\/\/newsarovia.com\/wp-content\/uploads\/2025\/02\/provinces2.png 1242w, https:\/\/newsarovia.com\/wp-content\/uploads\/2025\/02\/provinces2-262x300.png 262w, https:\/\/newsarovia.com\/wp-content\/uploads\/2025\/02\/provinces2-894x1024.png 894w, https:\/\/newsarovia.com\/wp-content\/uploads\/2025\/02\/provinces2-768x879.png 768w\" sizes=\"auto, (max-width: 1242px) 100vw, 1242px\" \/><span aria-hidden=\"true\" class=\"wp-block-cover__background has-background-dim-90 has-background-dim\" style=\"background-color:#a893de\"><\/span><div class=\"wp-block-cover__inner-container is-layout-flow wp-block-cover-is-layout-flow\">\n<p class=\"has-text-align-center has-contrast-light-color has-text-color has-link-color wp-elements-3aa0767e1bab26dec2f07d65e2f8e3e4\" style=\"font-size:clamp(16.293px, 1.018rem + ((1vw - 3.2px) * 0.989), 25px);\"><strong><a href=\"https:\/\/newsarovia.com\/pt\/sarovias-four-provinces\/\">As Quatro Prov\u00edncias<\/a><\/strong><\/p>\n<\/div><\/div>\n<\/div>\n\n\n\n<div class=\"wp-block-column is-layout-flow wp-block-column-is-layout-flow\">\n<div class=\"wp-block-cover is-light\" style=\"min-height:276px;aspect-ratio:unset;\"><img loading=\"lazy\" decoding=\"async\" width=\"1242\" height=\"1422\" class=\"wp-block-cover__image-background wp-image-2054\" alt=\"\" src=\"https:\/\/newsarovia.com\/wp-content\/uploads\/2025\/02\/provinces2.png\" data-object-fit=\"cover\" srcset=\"https:\/\/newsarovia.com\/wp-content\/uploads\/2025\/02\/provinces2.png 1242w, https:\/\/newsarovia.com\/wp-content\/uploads\/2025\/02\/provinces2-262x300.png 262w, https:\/\/newsarovia.com\/wp-content\/uploads\/2025\/02\/provinces2-894x1024.png 894w, https:\/\/newsarovia.com\/wp-content\/uploads\/2025\/02\/provinces2-768x879.png 768w\" sizes=\"auto, (max-width: 1242px) 100vw, 1242px\" \/><span aria-hidden=\"true\" class=\"wp-block-cover__background has-background-dim-90 has-background-dim\" style=\"background-color:#a893de\"><\/span><div class=\"wp-block-cover__inner-container is-layout-flow wp-block-cover-is-layout-flow\">\n<p class=\"has-text-align-center has-contrast-light-color has-text-color has-link-color wp-elements-a1abec2108ae14714130e4a76d20488c\" style=\"font-size:clamp(16.293px, 1.018rem + ((1vw - 3.2px) * 0.989), 25px);\"><strong><strong><strong><a href=\"https:\/\/newsarovia.com\/pt\/political-structure-of-the-provinces\/\">Estruturas Pol\u00edticos das Prov\u00edncias<\/a><\/strong><\/strong><\/strong><\/p>\n<\/div><\/div>\n<\/div>\n\n\n\n<div class=\"wp-block-column is-layout-flow wp-block-column-is-layout-flow\">\n<div class=\"wp-block-cover is-light\" style=\"min-height:276px;aspect-ratio:unset;\"><img loading=\"lazy\" decoding=\"async\" width=\"1242\" height=\"1422\" class=\"wp-block-cover__image-background wp-image-2054\" alt=\"\" src=\"https:\/\/newsarovia.com\/wp-content\/uploads\/2025\/02\/provinces2.png\" data-object-fit=\"cover\" srcset=\"https:\/\/newsarovia.com\/wp-content\/uploads\/2025\/02\/provinces2.png 1242w, https:\/\/newsarovia.com\/wp-content\/uploads\/2025\/02\/provinces2-262x300.png 262w, https:\/\/newsarovia.com\/wp-content\/uploads\/2025\/02\/provinces2-894x1024.png 894w, https:\/\/newsarovia.com\/wp-content\/uploads\/2025\/02\/provinces2-768x879.png 768w\" sizes=\"auto, (max-width: 1242px) 100vw, 1242px\" \/><span aria-hidden=\"true\" class=\"wp-block-cover__background has-background-dim-90 has-background-dim\" style=\"background-color:#a893de\"><\/span><div class=\"wp-block-cover__inner-container is-layout-flow wp-block-cover-is-layout-flow\">\n<p class=\"has-text-align-center has-contrast-light-color has-text-color has-link-color wp-elements-240c8a64f044a4c68903f4761719a379\" style=\"font-size:clamp(16.293px, 1.018rem + ((1vw - 3.2px) * 0.989), 25px);\"><strong><strong><strong><strong><strong><strong><a href=\"https:\/\/newsarovia.com\/pt\/federal-and-provincial-responsibilities\/\">Responsibilidades Federais e Provinciais<\/a><\/strong><\/strong><\/strong><\/strong><\/strong><\/strong><\/p>\n<\/div><\/div>\n<\/div>\n\n\n\n<div class=\"wp-block-column is-layout-flow wp-block-column-is-layout-flow\">\n<div class=\"wp-block-cover is-light\" style=\"min-height:276px;aspect-ratio:unset;\"><img loading=\"lazy\" decoding=\"async\" width=\"1242\" height=\"1422\" class=\"wp-block-cover__image-background wp-image-2054\" alt=\"\" src=\"https:\/\/newsarovia.com\/wp-content\/uploads\/2025\/02\/provinces2.png\" data-object-fit=\"cover\" srcset=\"https:\/\/newsarovia.com\/wp-content\/uploads\/2025\/02\/provinces2.png 1242w, https:\/\/newsarovia.com\/wp-content\/uploads\/2025\/02\/provinces2-262x300.png 262w, https:\/\/newsarovia.com\/wp-content\/uploads\/2025\/02\/provinces2-894x1024.png 894w, https:\/\/newsarovia.com\/wp-content\/uploads\/2025\/02\/provinces2-768x879.png 768w\" sizes=\"auto, (max-width: 1242px) 100vw, 1242px\" \/><span aria-hidden=\"true\" class=\"wp-block-cover__background has-background-dim-90 has-background-dim\" style=\"background-color:#a893de\"><\/span><div class=\"wp-block-cover__inner-container is-layout-flow wp-block-cover-is-layout-flow\">\n<p class=\"has-text-align-center has-contrast-light-color has-text-color has-link-color wp-elements-adba8aa11053b1b0dda954cc700ab22a\" style=\"font-size:clamp(16.293px, 1.018rem + ((1vw - 3.2px) * 0.989), 25px);\"><strong><a href=\"https:\/\/newsarovia.com\/pt\/provincial-holidays-honours-and-culture\/\">Feriados, Honras, e Cultura das Prov\u00edncias<\/a><\/strong><\/p>\n<\/div><\/div>\n<\/div>\n<\/div>\n\n\n\n<p><\/p>\n","protected":false},"excerpt":{"rendered":"<p>PREF\u00c1CIO MINISTERIAL Como Ministora eui tel Provencos, trabalho em estreita colabora\u00e7\u00e3o com o Primo Ministoro e os v\u00e1rios Ministoros-Leddor em toda a Sarovia para que os governos provinciais estejam operando de forma eficaz e para que haja uma coopera\u00e7\u00e3o consistente entre os governos provinciais e federal. Como parte desse esfor\u00e7o, nosso Minist\u00e9rio organizou o Conseili [&hellip;]<\/p>\n","protected":false},"author":2,"featured_media":0,"parent":0,"menu_order":0,"comment_status":"closed","ping_status":"closed","template":"","meta":{"footnotes":""},"class_list":["post-2053","page","type-page","status-publish","hentry"],"yoast_head":"<!-- This site is optimized with the Yoast SEO plugin v27.5 - https:\/\/yoast.com\/product\/yoast-seo-wordpress\/ -->\n<title>Ministoro eui tel Provencos - SMI Gouverna<\/title>\n<meta name=\"robots\" content=\"index, follow, max-snippet:-1, max-image-preview:large, max-video-preview:-1\" \/>\n<link rel=\"canonical\" href=\"https:\/\/newsarovia.com\/pt\/minister-of-the-provinces\/\" \/>\n<meta property=\"og:locale\" content=\"pt_BR\" \/>\n<meta property=\"og:locale:alternate\" content=\"en_US\" \/>\n<meta property=\"og:type\" content=\"article\" \/>\n<meta property=\"og:title\" content=\"Ministoro eui tel Provencos\" \/>\n<meta property=\"og:description\" content=\"PREF\u00c1CIO MINISTERIAL Como Ministora eui tel Provencos, trabalho em estreita colabora\u00e7\u00e3o com o Primo Ministoro e os v\u00e1rios Ministoros-Leddor em toda a Sarovia para que os governos provinciais estejam operando de forma eficaz e para que haja uma coopera\u00e7\u00e3o consistente entre os governos provinciais e federal. Como parte desse esfor\u00e7o, nosso Minist\u00e9rio organizou o Conseili [&hellip;]\" \/>\n<meta property=\"og:url\" content=\"https:\/\/newsarovia.com\/pt\/minister-of-the-provinces\/\" \/>\n<meta property=\"og:site_name\" content=\"SMI Gouverna\" \/>\n<meta property=\"article:modified_time\" content=\"2025-06-27T20:27:18+00:00\" \/>\n<meta property=\"og:image\" content=\"https:\/\/newsarovia.com\/wp-content\/uploads\/2025\/05\/baidera-red-1024x1024.png\" \/>\n\t<meta property=\"og:image:width\" content=\"1024\" \/>\n\t<meta property=\"og:image:height\" content=\"1024\" \/>\n\t<meta property=\"og:image:type\" content=\"image\/png\" \/>\n<meta name=\"twitter:card\" content=\"summary_large_image\" \/>\n<meta name=\"twitter:label1\" content=\"Est. tempo de leitura\" \/>\n\t<meta name=\"twitter:data1\" content=\"2 minutos\" \/>\n<script type=\"application\/ld+json\" class=\"yoast-schema-graph\">{\"@context\":\"https:\\\/\\\/schema.org\",\"@graph\":[{\"@type\":\"WebPage\",\"@id\":\"https:\\\/\\\/newsarovia.com\\\/pt\\\/minister-of-the-provinces\\\/\",\"url\":\"https:\\\/\\\/newsarovia.com\\\/pt\\\/minister-of-the-provinces\\\/\",\"name\":\"Ministoro eui tel Provencos\",\"isPartOf\":{\"@id\":\"https:\\\/\\\/newsarovia.com\\\/#website\"},\"primaryImageOfPage\":{\"@id\":\"https:\\\/\\\/newsarovia.com\\\/pt\\\/minister-of-the-provinces\\\/#primaryimage\"},\"image\":{\"@id\":\"https:\\\/\\\/newsarovia.com\\\/pt\\\/minister-of-the-provinces\\\/#primaryimage\"},\"thumbnailUrl\":\"https:\\\/\\\/newsarovia.com\\\/wp-content\\\/uploads\\\/2025\\\/05\\\/baidera-red-1024x1024.png\",\"datePublished\":\"2025-02-13T17:42:09+00:00\",\"dateModified\":\"2025-06-27T20:27:18+00:00\",\"breadcrumb\":{\"@id\":\"https:\\\/\\\/newsarovia.com\\\/pt\\\/minister-of-the-provinces\\\/#breadcrumb\"},\"inLanguage\":\"pt-BR\",\"potentialAction\":[{\"@type\":\"ReadAction\",\"target\":[\"https:\\\/\\\/newsarovia.com\\\/pt\\\/minister-of-the-provinces\\\/\"]}]},{\"@type\":\"ImageObject\",\"inLanguage\":\"pt-BR\",\"@id\":\"https:\\\/\\\/newsarovia.com\\\/pt\\\/minister-of-the-provinces\\\/#primaryimage\",\"url\":\"https:\\\/\\\/newsarovia.com\\\/wp-content\\\/uploads\\\/2025\\\/05\\\/baidera-red-1024x1024.png\",\"contentUrl\":\"https:\\\/\\\/newsarovia.com\\\/wp-content\\\/uploads\\\/2025\\\/05\\\/baidera-red-1024x1024.png\"},{\"@type\":\"BreadcrumbList\",\"@id\":\"https:\\\/\\\/newsarovia.com\\\/pt\\\/minister-of-the-provinces\\\/#breadcrumb\",\"itemListElement\":[{\"@type\":\"ListItem\",\"position\":1,\"name\":\"Home\",\"item\":\"https:\\\/\\\/newsarovia.com\\\/\"},{\"@type\":\"ListItem\",\"position\":2,\"name\":\"Ministoro eui tel Provencos\"}]},{\"@type\":\"WebSite\",\"@id\":\"https:\\\/\\\/newsarovia.com\\\/#website\",\"url\":\"https:\\\/\\\/newsarovia.com\\\/\",\"name\":\"SMI Gouverna\",\"description\":\"\",\"publisher\":{\"@id\":\"https:\\\/\\\/newsarovia.com\\\/#organization\"},\"potentialAction\":[{\"@type\":\"SearchAction\",\"target\":{\"@type\":\"EntryPoint\",\"urlTemplate\":\"https:\\\/\\\/newsarovia.com\\\/?s={search_term_string}\"},\"query-input\":{\"@type\":\"PropertyValueSpecification\",\"valueRequired\":true,\"valueName\":\"search_term_string\"}}],\"inLanguage\":\"pt-BR\"},{\"@type\":\"Organization\",\"@id\":\"https:\\\/\\\/newsarovia.com\\\/#organization\",\"name\":\"Gouverna do Seito Majis Imperial\",\"url\":\"https:\\\/\\\/newsarovia.com\\\/\",\"logo\":{\"@type\":\"ImageObject\",\"inLanguage\":\"pt-BR\",\"@id\":\"https:\\\/\\\/newsarovia.com\\\/#\\\/schema\\\/logo\\\/image\\\/\",\"url\":\"https:\\\/\\\/newsarovia.com\\\/wp-content\\\/uploads\\\/2025\\\/01\\\/Sarovia-Logo-Words.png\",\"contentUrl\":\"https:\\\/\\\/newsarovia.com\\\/wp-content\\\/uploads\\\/2025\\\/01\\\/Sarovia-Logo-Words.png\",\"width\":9985,\"height\":2274,\"caption\":\"Gouverna do Seito Majis Imperial\"},\"image\":{\"@id\":\"https:\\\/\\\/newsarovia.com\\\/#\\\/schema\\\/logo\\\/image\\\/\"}}]}<\/script>\n<!-- \/ Yoast SEO plugin. -->","yoast_head_json":{"title":"Ministoro eui tel Provencos - SMI Gouverna","robots":{"index":"index","follow":"follow","max-snippet":"max-snippet:-1","max-image-preview":"max-image-preview:large","max-video-preview":"max-video-preview:-1"},"canonical":"https:\/\/newsarovia.com\/pt\/minister-of-the-provinces\/","og_locale":"pt_BR","og_type":"article","og_title":"[:en]Ministoro eui tel Provencos[:] - SMI Gouverna","og_description":"PREF\u00c1CIO MINISTERIAL Como Ministora eui tel Provencos, trabalho em estreita colabora\u00e7\u00e3o com o Primo Ministoro e os v\u00e1rios Ministoros-Leddor em toda a Sarovia para que os governos provinciais estejam operando de forma eficaz e para que haja uma coopera\u00e7\u00e3o consistente entre os governos provinciais e federal. Como parte desse esfor\u00e7o, nosso Minist\u00e9rio organizou o Conseili [&hellip;]","og_url":"https:\/\/newsarovia.com\/pt\/minister-of-the-provinces\/","og_site_name":"SMI Gouverna","article_modified_time":"2025-06-27T20:27:18+00:00","og_image":[{"width":1024,"height":1024,"url":"https:\/\/newsarovia.com\/wp-content\/uploads\/2025\/05\/baidera-red-1024x1024.png","type":"image\/png"}],"twitter_card":"summary_large_image","twitter_misc":{"Est. tempo de leitura":"2 minutos"},"schema":{"@context":"https:\/\/schema.org","@graph":[{"@type":"WebPage","@id":"https:\/\/newsarovia.com\/pt\/minister-of-the-provinces\/","url":"https:\/\/newsarovia.com\/pt\/minister-of-the-provinces\/","name":"Ministoro eui tel Provencos","isPartOf":{"@id":"https:\/\/newsarovia.com\/#website"},"primaryImageOfPage":{"@id":"https:\/\/newsarovia.com\/pt\/minister-of-the-provinces\/#primaryimage"},"image":{"@id":"https:\/\/newsarovia.com\/pt\/minister-of-the-provinces\/#primaryimage"},"thumbnailUrl":"https:\/\/newsarovia.com\/wp-content\/uploads\/2025\/05\/baidera-red-1024x1024.png","datePublished":"2025-02-13T17:42:09+00:00","dateModified":"2025-06-27T20:27:18+00:00","breadcrumb":{"@id":"https:\/\/newsarovia.com\/pt\/minister-of-the-provinces\/#breadcrumb"},"inLanguage":"pt-BR","potentialAction":[{"@type":"ReadAction","target":["https:\/\/newsarovia.com\/pt\/minister-of-the-provinces\/"]}]},{"@type":"ImageObject","inLanguage":"pt-BR","@id":"https:\/\/newsarovia.com\/pt\/minister-of-the-provinces\/#primaryimage","url":"https:\/\/newsarovia.com\/wp-content\/uploads\/2025\/05\/baidera-red-1024x1024.png","contentUrl":"https:\/\/newsarovia.com\/wp-content\/uploads\/2025\/05\/baidera-red-1024x1024.png"},{"@type":"BreadcrumbList","@id":"https:\/\/newsarovia.com\/pt\/minister-of-the-provinces\/#breadcrumb","itemListElement":[{"@type":"ListItem","position":1,"name":"Home","item":"https:\/\/newsarovia.com\/"},{"@type":"ListItem","position":2,"name":"Ministoro eui tel Provencos"}]},{"@type":"WebSite","@id":"https:\/\/newsarovia.com\/#website","url":"https:\/\/newsarovia.com\/","name":"SMI Gouverna","description":"","publisher":{"@id":"https:\/\/newsarovia.com\/#organization"},"potentialAction":[{"@type":"SearchAction","target":{"@type":"EntryPoint","urlTemplate":"https:\/\/newsarovia.com\/?s={search_term_string}"},"query-input":{"@type":"PropertyValueSpecification","valueRequired":true,"valueName":"search_term_string"}}],"inLanguage":"pt-BR"},{"@type":"Organization","@id":"https:\/\/newsarovia.com\/#organization","name":"Gouverna do Seito Majis Imperial","url":"https:\/\/newsarovia.com\/","logo":{"@type":"ImageObject","inLanguage":"pt-BR","@id":"https:\/\/newsarovia.com\/#\/schema\/logo\/image\/","url":"https:\/\/newsarovia.com\/wp-content\/uploads\/2025\/01\/Sarovia-Logo-Words.png","contentUrl":"https:\/\/newsarovia.com\/wp-content\/uploads\/2025\/01\/Sarovia-Logo-Words.png","width":9985,"height":2274,"caption":"Gouverna do Seito Majis Imperial"},"image":{"@id":"https:\/\/newsarovia.com\/#\/schema\/logo\/image\/"}}]}},"_links":{"self":[{"href":"https:\/\/newsarovia.com\/pt\/wp-json\/wp\/v2\/pages\/2053","targetHints":{"allow":["GET"]}}],"collection":[{"href":"https:\/\/newsarovia.com\/pt\/wp-json\/wp\/v2\/pages"}],"about":[{"href":"https:\/\/newsarovia.com\/pt\/wp-json\/wp\/v2\/types\/page"}],"author":[{"embeddable":true,"href":"https:\/\/newsarovia.com\/pt\/wp-json\/wp\/v2\/users\/2"}],"replies":[{"embeddable":true,"href":"https:\/\/newsarovia.com\/pt\/wp-json\/wp\/v2\/comments?post=2053"}],"version-history":[{"count":5,"href":"https:\/\/newsarovia.com\/pt\/wp-json\/wp\/v2\/pages\/2053\/revisions"}],"predecessor-version":[{"id":3172,"href":"https:\/\/newsarovia.com\/pt\/wp-json\/wp\/v2\/pages\/2053\/revisions\/3172"}],"wp:attachment":[{"href":"https:\/\/newsarovia.com\/pt\/wp-json\/wp\/v2\/media?parent=2053"}],"curies":[{"name":"wp","href":"https:\/\/api.w.org\/{rel}","templated":true}]}}