{"id":2059,"date":"2025-02-13T17:56:42","date_gmt":"2025-02-13T17:56:42","guid":{"rendered":"https:\/\/newsarovia.com\/?page_id=2059"},"modified":"2025-11-17T06:03:12","modified_gmt":"2025-11-17T06:03:12","slug":"ministry-of-culture","status":"publish","type":"page","link":"https:\/\/newsarovia.com\/pt\/ministry-of-culture\/","title":{"rendered":"Ministe eui Cuir"},"content":{"rendered":"\n<div class=\"wp-block-columns is-layout-flex wp-container-core-columns-is-layout-28f84493 wp-block-columns-is-layout-flex\">\n<div class=\"wp-block-column is-layout-flow wp-block-column-is-layout-flow\" style=\"flex-basis:33.33%\">\n<figure class=\"wp-block-image size-large\"><img loading=\"lazy\" decoding=\"async\" width=\"1024\" height=\"1024\" src=\"https:\/\/newsarovia.com\/wp-content\/uploads\/2025\/02\/Placeholder2-1024x1024.png\" alt=\"\" class=\"wp-image-1947\" srcset=\"https:\/\/newsarovia.com\/wp-content\/uploads\/2025\/02\/Placeholder2-1024x1024.png 1024w, https:\/\/newsarovia.com\/wp-content\/uploads\/2025\/02\/Placeholder2-300x300.png 300w, https:\/\/newsarovia.com\/wp-content\/uploads\/2025\/02\/Placeholder2-150x150.png 150w, https:\/\/newsarovia.com\/wp-content\/uploads\/2025\/02\/Placeholder2-768x768.png 768w, https:\/\/newsarovia.com\/wp-content\/uploads\/2025\/02\/Placeholder2-1536x1536.png 1536w, https:\/\/newsarovia.com\/wp-content\/uploads\/2025\/02\/Placeholder2.png 2048w\" sizes=\"auto, (max-width: 1024px) 100vw, 1024px\" \/><\/figure>\n<\/div>\n\n\n\n<div class=\"wp-block-column is-layout-flow wp-block-column-is-layout-flow\" style=\"flex-basis:66.66%\">\n<h2 class=\"wp-block-heading has-primary-color has-text-color has-link-color wp-elements-00b7b459c2a5ed26dba6171d7d0ffbec\" style=\"font-size:clamp(15.747px, 0.984rem + ((1vw - 3.2px) * 0.938), 24px);\">PREF\u00c1CIO MINISTERIAL<\/h2>\n\n\n\n<p class=\"has-superbfont-small-font-size\">Como <em>Ministora eui Cuir<\/em>, fui incumbida de servir nosso povo em uma esfera extraordinariamente importante. Este Minist\u00e9rio \u00e9 respons\u00e1vel pela maioria dos eventos culturais que envolvem a vida de muitos Sarovianos. Portanto, \u00e9 fundamental que tornemos a vida cultural da Sarovia o mais vibrante, ativa e sofisticada poss\u00edvel. Por isso, meus principais objetivos para este mandato s\u00e3o os seguintes: preservar e redescobrir as tradi\u00e7\u00f5es Sarovianas, tanto novas quanto antigas, e envolver o povo Saroviano na celebra\u00e7\u00e3o dessas tradi\u00e7\u00f5es, tanto novas quanto antigas. Sob minha administra\u00e7\u00e3o, pretendo trabalhar para expandir o Museu de S\u00e3o Carolus, bem como para ampliar a compreens\u00e3o popular da l\u00edngua Saroviano Alto. Por fim, espero poder ampliar o trabalho de nossa na\u00e7\u00e3o com a Igreja Stef\u00e2nica, expandindo seu conjunto de tradi\u00e7\u00f5es e tornando-a uma parte mais significativa da cultura da Sarovia.<\/p>\n<\/div>\n<\/div>\n\n\n\n<hr class=\"wp-block-separator has-alpha-channel-opacity is-style-wide\"\/>\n\n\n\n<div style=\"height:18px\" aria-hidden=\"true\" class=\"wp-block-spacer\"><\/div>\n\n\n\n<div class=\"wp-block-columns is-layout-flex wp-container-core-columns-is-layout-28f84493 wp-block-columns-is-layout-flex\">\n<div class=\"wp-block-column is-layout-flow wp-block-column-is-layout-flow\">\n<div class=\"wp-block-cover is-light\" style=\"min-height:276px;aspect-ratio:unset;\"><img loading=\"lazy\" decoding=\"async\" width=\"1242\" height=\"1422\" class=\"wp-block-cover__image-background wp-image-2060\" alt=\"\" src=\"https:\/\/newsarovia.com\/wp-content\/uploads\/2025\/02\/ciur.png\" data-object-fit=\"cover\" srcset=\"https:\/\/newsarovia.com\/wp-content\/uploads\/2025\/02\/ciur.png 1242w, https:\/\/newsarovia.com\/wp-content\/uploads\/2025\/02\/ciur-262x300.png 262w, https:\/\/newsarovia.com\/wp-content\/uploads\/2025\/02\/ciur-894x1024.png 894w, https:\/\/newsarovia.com\/wp-content\/uploads\/2025\/02\/ciur-768x879.png 768w\" sizes=\"auto, (max-width: 1242px) 100vw, 1242px\" \/><span aria-hidden=\"true\" class=\"wp-block-cover__background has-background-dim-90 has-background-dim\" style=\"background-color:#de93dc\"><\/span><div class=\"wp-block-cover__inner-container is-layout-flow wp-block-cover-is-layout-flow\">\n<p class=\"has-text-align-center has-contrast-light-color has-text-color has-link-color wp-elements-42303919be1932c6f0c33c881a758bac\" style=\"font-size:clamp(16.293px, 1.018rem + ((1vw - 3.2px) * 0.989), 25px);\"><strong><strong><strong><a href=\"https:\/\/newsarovia.com\/pt\/st-carolus-museum-of-fine-arts\/\">Museu de Arte Fina de S\u00e3o Carolus<\/a><\/strong><\/strong><\/strong><\/p>\n<\/div><\/div>\n<\/div>\n\n\n\n<div class=\"wp-block-column is-layout-flow wp-block-column-is-layout-flow\">\n<div class=\"wp-block-cover is-light\" style=\"min-height:276px;aspect-ratio:unset;\"><img loading=\"lazy\" decoding=\"async\" width=\"1242\" height=\"1422\" class=\"wp-block-cover__image-background wp-image-2060\" alt=\"\" src=\"https:\/\/newsarovia.com\/wp-content\/uploads\/2025\/02\/ciur.png\" data-object-fit=\"cover\" srcset=\"https:\/\/newsarovia.com\/wp-content\/uploads\/2025\/02\/ciur.png 1242w, https:\/\/newsarovia.com\/wp-content\/uploads\/2025\/02\/ciur-262x300.png 262w, https:\/\/newsarovia.com\/wp-content\/uploads\/2025\/02\/ciur-894x1024.png 894w, https:\/\/newsarovia.com\/wp-content\/uploads\/2025\/02\/ciur-768x879.png 768w\" sizes=\"auto, (max-width: 1242px) 100vw, 1242px\" \/><span aria-hidden=\"true\" class=\"wp-block-cover__background has-background-dim-90 has-background-dim\" style=\"background-color:#de93dc\"><\/span><div class=\"wp-block-cover__inner-container is-layout-flow wp-block-cover-is-layout-flow\">\n<p class=\"has-text-align-center has-contrast-light-color has-text-color has-link-color wp-elements-3a434ab802a526ae92531ff59d73887e\" style=\"font-size:clamp(16.293px, 1.018rem + ((1vw - 3.2px) * 0.989), 25px);\"><strong><strong><a href=\"https:\/\/newsarovia.com\/pt\/our-language-high-sarovian\/\">Nossa L\u00edngua: Saroviano Alto<\/a><\/strong><\/strong><\/p>\n<\/div><\/div>\n<\/div>\n\n\n\n<div class=\"wp-block-column is-layout-flow wp-block-column-is-layout-flow\">\n<div class=\"wp-block-cover is-light\" style=\"min-height:276px;aspect-ratio:unset;\"><img loading=\"lazy\" decoding=\"async\" width=\"1242\" height=\"1422\" class=\"wp-block-cover__image-background wp-image-2060\" alt=\"\" src=\"https:\/\/newsarovia.com\/wp-content\/uploads\/2025\/02\/ciur.png\" data-object-fit=\"cover\" srcset=\"https:\/\/newsarovia.com\/wp-content\/uploads\/2025\/02\/ciur.png 1242w, https:\/\/newsarovia.com\/wp-content\/uploads\/2025\/02\/ciur-262x300.png 262w, https:\/\/newsarovia.com\/wp-content\/uploads\/2025\/02\/ciur-894x1024.png 894w, https:\/\/newsarovia.com\/wp-content\/uploads\/2025\/02\/ciur-768x879.png 768w\" sizes=\"auto, (max-width: 1242px) 100vw, 1242px\" \/><span aria-hidden=\"true\" class=\"wp-block-cover__background has-background-dim-90 has-background-dim\" style=\"background-color:#de93dc\"><\/span><div class=\"wp-block-cover__inner-container is-layout-flow wp-block-cover-is-layout-flow\">\n<p class=\"has-text-align-center has-contrast-light-color has-text-color has-link-color wp-elements-83757eaeb9d878052748042caa49b51e\" style=\"font-size:clamp(16.293px, 1.018rem + ((1vw - 3.2px) * 0.989), 25px);\"><strong><a href=\"https:\/\/newsarovia.com\/pt\/sarovian-music\/\">M\u00fasica Saroviana<\/a><\/strong><\/p>\n<\/div><\/div>\n<\/div>\n\n\n\n<div class=\"wp-block-column is-layout-flow wp-block-column-is-layout-flow\">\n<div class=\"wp-block-cover is-light\" style=\"min-height:276px;aspect-ratio:unset;\"><img loading=\"lazy\" decoding=\"async\" width=\"1242\" height=\"1422\" class=\"wp-block-cover__image-background wp-image-2060\" alt=\"\" src=\"https:\/\/newsarovia.com\/wp-content\/uploads\/2025\/02\/ciur.png\" data-object-fit=\"cover\" srcset=\"https:\/\/newsarovia.com\/wp-content\/uploads\/2025\/02\/ciur.png 1242w, https:\/\/newsarovia.com\/wp-content\/uploads\/2025\/02\/ciur-262x300.png 262w, https:\/\/newsarovia.com\/wp-content\/uploads\/2025\/02\/ciur-894x1024.png 894w, https:\/\/newsarovia.com\/wp-content\/uploads\/2025\/02\/ciur-768x879.png 768w\" sizes=\"auto, (max-width: 1242px) 100vw, 1242px\" \/><span aria-hidden=\"true\" class=\"wp-block-cover__background has-background-dim-90 has-background-dim\" style=\"background-color:#de93dc\"><\/span><div class=\"wp-block-cover__inner-container is-layout-flow wp-block-cover-is-layout-flow\">\n<p class=\"has-text-align-center has-contrast-light-color has-text-color has-link-color wp-elements-8ad776f519b4439fed42df7b3b847a1d\" style=\"font-size:clamp(16.293px, 1.018rem + ((1vw - 3.2px) * 0.989), 25px);\"><strong><a href=\"https:\/\/newsarovia.com\/pt\/the-holy-stefanic-church\/\">A Sacra Igreja Stef\u00e2nica<\/a><\/strong><\/p>\n<\/div><\/div>\n<\/div>\n<\/div>\n\n\n\n<p><\/p>\n","protected":false},"excerpt":{"rendered":"<p>PREF\u00c1CIO MINISTERIAL Como Ministora eui Cuir, fui incumbida de servir nosso povo em uma esfera extraordinariamente importante. Este Minist\u00e9rio \u00e9 respons\u00e1vel pela maioria dos eventos culturais que envolvem a vida de muitos Sarovianos. Portanto, \u00e9 fundamental que tornemos a vida cultural da Sarovia o mais vibrante, ativa e sofisticada poss\u00edvel. Por isso, meus principais objetivos [&hellip;]<\/p>\n","protected":false},"author":2,"featured_media":0,"parent":0,"menu_order":0,"comment_status":"closed","ping_status":"closed","template":"","meta":{"footnotes":""},"class_list":["post-2059","page","type-page","status-publish","hentry"],"yoast_head":"<!-- This site is optimized with the Yoast SEO plugin v27.5 - https:\/\/yoast.com\/product\/yoast-seo-wordpress\/ -->\n<title>Ministe eui Cuir - SMI Gouverna<\/title>\n<meta name=\"robots\" content=\"index, follow, max-snippet:-1, max-image-preview:large, max-video-preview:-1\" \/>\n<link rel=\"canonical\" href=\"https:\/\/newsarovia.com\/pt\/ministry-of-culture\/\" \/>\n<meta property=\"og:locale\" content=\"pt_BR\" \/>\n<meta property=\"og:locale:alternate\" content=\"en_US\" \/>\n<meta property=\"og:type\" content=\"article\" \/>\n<meta property=\"og:title\" content=\"Ministe eui Cuir\" \/>\n<meta property=\"og:description\" content=\"PREF\u00c1CIO MINISTERIAL Como Ministora eui Cuir, fui incumbida de servir nosso povo em uma esfera extraordinariamente importante. Este Minist\u00e9rio \u00e9 respons\u00e1vel pela maioria dos eventos culturais que envolvem a vida de muitos Sarovianos. Portanto, \u00e9 fundamental que tornemos a vida cultural da Sarovia o mais vibrante, ativa e sofisticada poss\u00edvel. Por isso, meus principais objetivos [&hellip;]\" \/>\n<meta property=\"og:url\" content=\"https:\/\/newsarovia.com\/pt\/ministry-of-culture\/\" \/>\n<meta property=\"og:site_name\" content=\"SMI Gouverna\" \/>\n<meta property=\"article:modified_time\" content=\"2025-11-17T06:03:12+00:00\" \/>\n<meta property=\"og:image\" content=\"https:\/\/newsarovia.com\/wp-content\/uploads\/2025\/02\/Placeholder2-1024x1024.png\" \/>\n\t<meta property=\"og:image:width\" content=\"1024\" \/>\n\t<meta property=\"og:image:height\" content=\"1024\" \/>\n\t<meta property=\"og:image:type\" content=\"image\/png\" \/>\n<meta name=\"twitter:card\" content=\"summary_large_image\" \/>\n<meta name=\"twitter:label1\" content=\"Est. tempo de leitura\" \/>\n\t<meta name=\"twitter:data1\" content=\"2 minutos\" \/>\n<script type=\"application\/ld+json\" class=\"yoast-schema-graph\">{\"@context\":\"https:\\\/\\\/schema.org\",\"@graph\":[{\"@type\":\"WebPage\",\"@id\":\"https:\\\/\\\/newsarovia.com\\\/ministry-of-culture\\\/\",\"url\":\"https:\\\/\\\/newsarovia.com\\\/ministry-of-culture\\\/\",\"name\":\"Ministe eui Cuir\",\"isPartOf\":{\"@id\":\"https:\\\/\\\/newsarovia.com\\\/#website\"},\"primaryImageOfPage\":{\"@id\":\"https:\\\/\\\/newsarovia.com\\\/ministry-of-culture\\\/#primaryimage\"},\"image\":{\"@id\":\"https:\\\/\\\/newsarovia.com\\\/ministry-of-culture\\\/#primaryimage\"},\"thumbnailUrl\":\"https:\\\/\\\/newsarovia.com\\\/wp-content\\\/uploads\\\/2025\\\/02\\\/Placeholder2-1024x1024.png\",\"datePublished\":\"2025-02-13T17:56:42+00:00\",\"dateModified\":\"2025-11-17T06:03:12+00:00\",\"breadcrumb\":{\"@id\":\"https:\\\/\\\/newsarovia.com\\\/ministry-of-culture\\\/#breadcrumb\"},\"inLanguage\":\"pt-BR\",\"potentialAction\":[{\"@type\":\"ReadAction\",\"target\":[\"https:\\\/\\\/newsarovia.com\\\/ministry-of-culture\\\/\"]}]},{\"@type\":\"ImageObject\",\"inLanguage\":\"pt-BR\",\"@id\":\"https:\\\/\\\/newsarovia.com\\\/ministry-of-culture\\\/#primaryimage\",\"url\":\"https:\\\/\\\/newsarovia.com\\\/wp-content\\\/uploads\\\/2025\\\/02\\\/Placeholder2-1024x1024.png\",\"contentUrl\":\"https:\\\/\\\/newsarovia.com\\\/wp-content\\\/uploads\\\/2025\\\/02\\\/Placeholder2-1024x1024.png\"},{\"@type\":\"BreadcrumbList\",\"@id\":\"https:\\\/\\\/newsarovia.com\\\/ministry-of-culture\\\/#breadcrumb\",\"itemListElement\":[{\"@type\":\"ListItem\",\"position\":1,\"name\":\"Home\",\"item\":\"https:\\\/\\\/newsarovia.com\\\/\"},{\"@type\":\"ListItem\",\"position\":2,\"name\":\"Ministe eui Cuir\"}]},{\"@type\":\"WebSite\",\"@id\":\"https:\\\/\\\/newsarovia.com\\\/#website\",\"url\":\"https:\\\/\\\/newsarovia.com\\\/\",\"name\":\"SMI Gouverna\",\"description\":\"\",\"publisher\":{\"@id\":\"https:\\\/\\\/newsarovia.com\\\/#organization\"},\"potentialAction\":[{\"@type\":\"SearchAction\",\"target\":{\"@type\":\"EntryPoint\",\"urlTemplate\":\"https:\\\/\\\/newsarovia.com\\\/?s={search_term_string}\"},\"query-input\":{\"@type\":\"PropertyValueSpecification\",\"valueRequired\":true,\"valueName\":\"search_term_string\"}}],\"inLanguage\":\"pt-BR\"},{\"@type\":\"Organization\",\"@id\":\"https:\\\/\\\/newsarovia.com\\\/#organization\",\"name\":\"Gouverna do Seito Majis Imperial\",\"url\":\"https:\\\/\\\/newsarovia.com\\\/\",\"logo\":{\"@type\":\"ImageObject\",\"inLanguage\":\"pt-BR\",\"@id\":\"https:\\\/\\\/newsarovia.com\\\/#\\\/schema\\\/logo\\\/image\\\/\",\"url\":\"https:\\\/\\\/newsarovia.com\\\/wp-content\\\/uploads\\\/2025\\\/01\\\/Sarovia-Logo-Words.png\",\"contentUrl\":\"https:\\\/\\\/newsarovia.com\\\/wp-content\\\/uploads\\\/2025\\\/01\\\/Sarovia-Logo-Words.png\",\"width\":9985,\"height\":2274,\"caption\":\"Gouverna do Seito Majis Imperial\"},\"image\":{\"@id\":\"https:\\\/\\\/newsarovia.com\\\/#\\\/schema\\\/logo\\\/image\\\/\"}}]}<\/script>\n<!-- \/ Yoast SEO plugin. -->","yoast_head_json":{"title":"Ministe eui Cuir - SMI Gouverna","robots":{"index":"index","follow":"follow","max-snippet":"max-snippet:-1","max-image-preview":"max-image-preview:large","max-video-preview":"max-video-preview:-1"},"canonical":"https:\/\/newsarovia.com\/pt\/ministry-of-culture\/","og_locale":"pt_BR","og_type":"article","og_title":"[:en]Ministe eui Cuir[:] - SMI Gouverna","og_description":"PREF\u00c1CIO MINISTERIAL Como Ministora eui Cuir, fui incumbida de servir nosso povo em uma esfera extraordinariamente importante. Este Minist\u00e9rio \u00e9 respons\u00e1vel pela maioria dos eventos culturais que envolvem a vida de muitos Sarovianos. Portanto, \u00e9 fundamental que tornemos a vida cultural da Sarovia o mais vibrante, ativa e sofisticada poss\u00edvel. Por isso, meus principais objetivos [&hellip;]","og_url":"https:\/\/newsarovia.com\/pt\/ministry-of-culture\/","og_site_name":"SMI Gouverna","article_modified_time":"2025-11-17T06:03:12+00:00","og_image":[{"width":1024,"height":1024,"url":"https:\/\/newsarovia.com\/wp-content\/uploads\/2025\/02\/Placeholder2-1024x1024.png","type":"image\/png"}],"twitter_card":"summary_large_image","twitter_misc":{"Est. tempo de leitura":"2 minutos"},"schema":{"@context":"https:\/\/schema.org","@graph":[{"@type":"WebPage","@id":"https:\/\/newsarovia.com\/ministry-of-culture\/","url":"https:\/\/newsarovia.com\/ministry-of-culture\/","name":"Ministe eui Cuir","isPartOf":{"@id":"https:\/\/newsarovia.com\/#website"},"primaryImageOfPage":{"@id":"https:\/\/newsarovia.com\/ministry-of-culture\/#primaryimage"},"image":{"@id":"https:\/\/newsarovia.com\/ministry-of-culture\/#primaryimage"},"thumbnailUrl":"https:\/\/newsarovia.com\/wp-content\/uploads\/2025\/02\/Placeholder2-1024x1024.png","datePublished":"2025-02-13T17:56:42+00:00","dateModified":"2025-11-17T06:03:12+00:00","breadcrumb":{"@id":"https:\/\/newsarovia.com\/ministry-of-culture\/#breadcrumb"},"inLanguage":"pt-BR","potentialAction":[{"@type":"ReadAction","target":["https:\/\/newsarovia.com\/ministry-of-culture\/"]}]},{"@type":"ImageObject","inLanguage":"pt-BR","@id":"https:\/\/newsarovia.com\/ministry-of-culture\/#primaryimage","url":"https:\/\/newsarovia.com\/wp-content\/uploads\/2025\/02\/Placeholder2-1024x1024.png","contentUrl":"https:\/\/newsarovia.com\/wp-content\/uploads\/2025\/02\/Placeholder2-1024x1024.png"},{"@type":"BreadcrumbList","@id":"https:\/\/newsarovia.com\/ministry-of-culture\/#breadcrumb","itemListElement":[{"@type":"ListItem","position":1,"name":"Home","item":"https:\/\/newsarovia.com\/"},{"@type":"ListItem","position":2,"name":"Ministe eui Cuir"}]},{"@type":"WebSite","@id":"https:\/\/newsarovia.com\/#website","url":"https:\/\/newsarovia.com\/","name":"SMI Gouverna","description":"","publisher":{"@id":"https:\/\/newsarovia.com\/#organization"},"potentialAction":[{"@type":"SearchAction","target":{"@type":"EntryPoint","urlTemplate":"https:\/\/newsarovia.com\/?s={search_term_string}"},"query-input":{"@type":"PropertyValueSpecification","valueRequired":true,"valueName":"search_term_string"}}],"inLanguage":"pt-BR"},{"@type":"Organization","@id":"https:\/\/newsarovia.com\/#organization","name":"Gouverna do Seito Majis Imperial","url":"https:\/\/newsarovia.com\/","logo":{"@type":"ImageObject","inLanguage":"pt-BR","@id":"https:\/\/newsarovia.com\/#\/schema\/logo\/image\/","url":"https:\/\/newsarovia.com\/wp-content\/uploads\/2025\/01\/Sarovia-Logo-Words.png","contentUrl":"https:\/\/newsarovia.com\/wp-content\/uploads\/2025\/01\/Sarovia-Logo-Words.png","width":9985,"height":2274,"caption":"Gouverna do Seito Majis Imperial"},"image":{"@id":"https:\/\/newsarovia.com\/#\/schema\/logo\/image\/"}}]}},"_links":{"self":[{"href":"https:\/\/newsarovia.com\/pt\/wp-json\/wp\/v2\/pages\/2059","targetHints":{"allow":["GET"]}}],"collection":[{"href":"https:\/\/newsarovia.com\/pt\/wp-json\/wp\/v2\/pages"}],"about":[{"href":"https:\/\/newsarovia.com\/pt\/wp-json\/wp\/v2\/types\/page"}],"author":[{"embeddable":true,"href":"https:\/\/newsarovia.com\/pt\/wp-json\/wp\/v2\/users\/2"}],"replies":[{"embeddable":true,"href":"https:\/\/newsarovia.com\/pt\/wp-json\/wp\/v2\/comments?post=2059"}],"version-history":[{"count":5,"href":"https:\/\/newsarovia.com\/pt\/wp-json\/wp\/v2\/pages\/2059\/revisions"}],"predecessor-version":[{"id":3279,"href":"https:\/\/newsarovia.com\/pt\/wp-json\/wp\/v2\/pages\/2059\/revisions\/3279"}],"wp:attachment":[{"href":"https:\/\/newsarovia.com\/pt\/wp-json\/wp\/v2\/media?parent=2059"}],"curies":[{"name":"wp","href":"https:\/\/api.w.org\/{rel}","templated":true}]}}